{"id":15802,"date":"2025-10-07T20:20:23","date_gmt":"2025-10-07T18:20:23","guid":{"rendered":"https:\/\/www.praenatalzentrum.wien\/ebe-danismanligi\/"},"modified":"2025-10-07T20:42:01","modified_gmt":"2025-10-07T18:42:01","slug":"ebe-danismanligi","status":"publish","type":"page","link":"https:\/\/www.praenatalzentrum.wien\/tr\/ebe-danismanligi\/","title":{"rendered":"Ebe dan\u0131\u015fmanl\u0131\u011f\u0131"},"content":{"rendered":"<section class=\"l-section wpb_row us_custom_df5f4c97 has_text_color height_custom\"><div class=\"l-section-overlay\" style=\"background:#f6c3b5\"><\/div><div class=\"l-section-h i-cf\"><div class=\"g-cols vc_row via_flex valign_top type_default stacking_default\"><div class=\"vc_col-sm-6 wpb_column vc_column_container\"><div class=\"vc_column-inner\"><div class=\"wpb_wrapper\"><div class=\"wpb_text_column\"><div class=\"wpb_wrapper\"><h1>\u00dccretsiz ebe dan\u0131\u015fmanl\u0131\u011f\u0131<\/h1>\n<div><\/div>\n<\/div><\/div><div class=\"wpb_text_column\"><div class=\"wpb_wrapper\"><p class=\"h4commons\">Hamileli\u011fin 18. ve 22. haftalar\u0131 aras\u0131nda<\/p>\n<div><\/div>\n<p><span class=\"h6style\">Hedefler:<\/span><\/p>\n<ul>\n<li>Hamilelik, do\u011fum ve do\u011fum sonras\u0131 d\u00f6nemin seyri hakk\u0131nda bilgi<\/li>\n<li>Sa\u011fl\u0131\u011f\u0131 geli\u015ftirici ve \u00f6nleyici davran\u0131\u015flara ili\u015fkin tavsiyeler<\/li>\n<li>Do\u011fum yeri se\u00e7iminde destek<\/li>\n<\/ul>\n<\/div><\/div><\/div><\/div><\/div><div class=\"vc_col-sm-6 wpb_column vc_column_container\"><div class=\"vc_column-inner\"><div class=\"wpb_wrapper\"><div class=\"w-image align_left\"><div class=\"w-image-h\"><img decoding=\"async\" width=\"788\" height=\"526\" src=\"https:\/\/www.praenatalzentrum.wien\/wp-content\/uploads\/2025\/09\/Symbolfoto_Hebamme.jpg\" class=\"attachment-large size-large\" alt=\"Hebammenberatung\" loading=\"lazy\" srcset=\"https:\/\/www.praenatalzentrum.wien\/wp-content\/uploads\/2025\/09\/Symbolfoto_Hebamme.jpg 788w, https:\/\/www.praenatalzentrum.wien\/wp-content\/uploads\/2025\/09\/Symbolfoto_Hebamme-300x200.jpg 300w\" sizes=\"auto, (max-width: 788px) 100vw, 788px\" \/><\/div><\/div><\/div><\/div><\/div><\/div><\/div><\/section><section class=\"l-section wpb_row height_custom\"><div class=\"l-section-h i-cf\"><div class=\"g-cols vc_row via_flex valign_top type_default stacking_default\"><div class=\"vc_col-sm-8 wpb_column vc_column_container\"><div class=\"vc_column-inner\"><div class=\"wpb_wrapper\"><div class=\"wpb_text_column\"><div class=\"wpb_wrapper\"><div class=\"\"><b class=\"\">Ebe dan\u0131\u015fmanl\u0131\u011f\u0131 &#8211; \u00e7\u00fcnk\u00fc her soru \u00f6nemlidir<\/b><\/div>\n<div class=\"\"><b class=\"\">\u00a0<\/b><\/div>\n<div class=\"\">\n<p><strong><span>Ebeveyn-\u00e7ocuk ge\u00e7i\u015f kart\u0131n\u0131n<\/span><\/strong><span>\u00a0bir\u00a0par\u00e7as\u0131 olarak,\u00a0<strong>hamileli\u011fin 17+0 ve 21+6. haftalar\u0131<\/strong>\u00a0aras\u0131nda\u00a0<strong>\u00fccretsiz ebe dan\u0131\u015fmanl\u0131\u011f\u0131ndan<\/strong>\u00a0yararlanabilirsiniz. Do\u011fum yeri se\u00e7imi, hamilelik s\u0131ras\u0131nda beslenme ve egzersiz gibi konular\u0131n yan\u0131 s\u0131ra sa\u011fl\u0131kl\u0131 ve \u00f6nleyici davran\u0131\u015flara ili\u015fkin bilgiler de ele al\u0131nabilir.<\/span><\/p>\n<p><span>Ebe dan\u0131\u015fmanl\u0131\u011f\u0131 masraflar\u0131 t\u00fcm Avusturya sa\u011fl\u0131k sigortalar\u0131 taraf\u0131ndan kar\u015f\u0131lanmaktad\u0131r. <\/span><span>Mevcut ebeveyn-\u00e7ocuk ge\u00e7i\u015f kart\u0131 muayenelerine\u00a0<strong>ek bir hizmettir<\/strong>\u00a0ve hamileli\u011fin veya bebe\u011fin seyri hakk\u0131nda herhangi bir bilgi sa\u011flayamaz.<\/span><\/p>\n<\/div>\n<div class=\"\"><b class=\"\">\u00a0<\/b><\/div>\n<div><\/div>\n<\/div><\/div><\/div><\/div><\/div><div class=\"vc_col-sm-4 wpb_column vc_column_container\"><div class=\"vc_column-inner\"><div class=\"wpb_wrapper\"><section class=\"l-section wpb_row us_custom_278d8c57 height_custom width_full\"><div class=\"l-section-h i-cf\"><div class=\"g-cols vc_row via_flex valign_top type_default stacking_default\"><div class=\"vc_col-sm-12 wpb_column vc_column_container\"><div class=\"vc_column-inner\"><div class=\"wpb_wrapper\"><div class=\"w-btn-wrapper align_justify\"><a class=\"w-btn us-btn-style_1\" href=\"https:\/\/www.praenatalzentrum.wien\/tr\/randevu-rezervasyonu\/\"><span class=\"w-btn-label\">Online randevu rezervasyonu<\/span><\/a><\/div><div class=\"w-separator size_small\"><\/div><div class=\"w-btn-wrapper align_justify\"><a class=\"w-btn us-btn-style_25 icon_atleft\" href=\"https:\/\/www.praenatalzentrum.wien\/tr\/maliyet\/\"><i class=\"fas fa-euro-sign\"><\/i><span class=\"w-btn-label\">Maliyet<\/span><\/a><\/div><div class=\"w-separator size_small\"><\/div><\/div><\/div><\/div><\/div><\/div><\/section>\n<\/div><\/div><\/div><\/div><\/div><\/section><section class=\"l-section wpb_row height_custom color_alternate with_img\"><div class=\"l-section-img\" role=\"img\" aria-label=\"Kachel \u2013 Hintergrund gr\u00fcn\" data-img-width=\"350\" data-img-height=\"28\" style=\"background-image: url(https:\/\/www.praenatalzentrum.wien\/wp-content\/uploads\/2020\/12\/kachel-salbei-350.png);background-size: auto;\"><\/div><div class=\"l-section-overlay\" style=\"background:rgba(255,255,255,0.4)\"><\/div><div class=\"l-section-h i-cf\"><div class=\"g-cols vc_row via_flex valign_top type_default stacking_default\"><div class=\"vc_col-sm-12 wpb_column vc_column_container\"><div class=\"vc_column-inner\"><div class=\"wpb_wrapper\"><div class=\"wpb_text_column\"><div class=\"wpb_wrapper\"><h1 style=\"text-align: center;\">Ebemizi tan\u0131y\u0131n<\/h1>\n<\/div><\/div><\/div><\/div><\/div><\/div><\/div><\/section><section class=\"l-section wpb_row height_custom\"><div class=\"l-section-h i-cf\"><div class=\"g-cols vc_row via_flex valign_top type_default stacking_default\"><div class=\"vc_col-sm-6 wpb_column vc_column_container\"><div class=\"vc_column-inner\"><div class=\"wpb_wrapper\"><div class=\"wpb_text_column\"><div class=\"wpb_wrapper\"><h1>Josephine Turba, BSc<\/h1>\n<p>Hamilelik ve lohusal\u0131k i\u00e7in serbest ebe<\/p>\n<p><strong>Diller: <\/strong> Almanca, \u0130ngilizce<\/p>\n<p>Bir ebe olarak, hamile ve yeni ebeveynler i\u00e7in kapsaml\u0131 bak\u0131m sunuyorum. Hizmetlerim aras\u0131nda ebeveyn-\u00e7ocuk ge\u00e7i\u015f kart\u0131n\u0131n bir par\u00e7as\u0131 olarak \u00fccretsiz ebe dan\u0131\u015fmanl\u0131\u011f\u0131, do\u011fum \u00f6ncesi bak\u0131m, do\u011fuma haz\u0131rl\u0131k kurslar\u0131 ve do\u011fum sonras\u0131 bak\u0131m yer almaktad\u0131r.<\/p>\n<\/div><\/div><\/div><\/div><\/div><div class=\"vc_col-sm-6 wpb_column vc_column_container\"><div class=\"vc_column-inner\"><div class=\"wpb_wrapper\"><div class=\"w-image align_none\"><div class=\"w-image-h\"><img decoding=\"async\" width=\"431\" height=\"433\" src=\"https:\/\/www.praenatalzentrum.wien\/wp-content\/uploads\/2025\/08\/Josephine_klein.jpg\" class=\"attachment-large size-large\" alt=\"Josephine Turba\" loading=\"lazy\" srcset=\"https:\/\/www.praenatalzentrum.wien\/wp-content\/uploads\/2025\/08\/Josephine_klein.jpg 431w, https:\/\/www.praenatalzentrum.wien\/wp-content\/uploads\/2025\/08\/Josephine_klein-300x300.jpg 300w, https:\/\/www.praenatalzentrum.wien\/wp-content\/uploads\/2025\/08\/Josephine_klein-150x150.jpg 150w\" sizes=\"auto, (max-width: 431px) 100vw, 431px\" \/><\/div><\/div><\/div><\/div><\/div><\/div><\/div><\/section><section class=\"l-section wpb_row height_custom color_alternate with_img\"><div class=\"l-section-img\" role=\"img\" aria-label=\"Kachel \u2013 Hintergrund gr\u00fcn\" data-img-width=\"350\" data-img-height=\"28\" style=\"background-image: url(https:\/\/www.praenatalzentrum.wien\/wp-content\/uploads\/2020\/12\/kachel-salbei-350.png);background-size: auto;\"><\/div><div class=\"l-section-overlay\" style=\"background:rgba(255,255,255,0.4)\"><\/div><div class=\"l-section-h i-cf\"><div class=\"g-cols vc_row via_flex valign_top type_default stacking_default\"><div class=\"vc_col-sm-12 wpb_column vc_column_container\"><div class=\"vc_column-inner\"><div class=\"wpb_wrapper\"><div class=\"wpb_text_column\"><div class=\"wpb_wrapper\"><p style=\"text-align: center;\"><span class=\"h4stylegreen\">Sizden haber bekliyoruz!<\/span><\/p>\n<\/div><\/div><div class=\"w-separator size_small\"><\/div><div class=\"g-cols wpb_row via_flex valign_top type_default stacking_default\"><div class=\"vc_col-sm-4 wpb_column vc_column_container\"><div class=\"vc_column-inner\"><div class=\"wpb_wrapper\"><\/div><\/div><\/div><div class=\"vc_col-sm-4 wpb_column vc_column_container\"><div class=\"vc_column-inner\"><div class=\"wpb_wrapper\"><div class=\"w-btn-wrapper align_justify\"><a class=\"w-btn us-btn-style_17 icon_atleft\" title=\"Online randevu al\u0131n\" href=\"https:\/\/www.praenatalzentrum.wien\/tr\/randevu-rezervasyonu\/\"><i class=\"fas fa-calendar\"><\/i><span class=\"w-btn-label\">Online randevu rezervasyonu<\/span><\/a><\/div><\/div><\/div><\/div><div class=\"vc_col-sm-4 wpb_column vc_column_container\"><div class=\"vc_column-inner\"><div class=\"wpb_wrapper\"><\/div><\/div><\/div><\/div><\/div><\/div><\/div><\/div><\/div><\/section><section class=\"l-section wpb_row height_custom\"><div class=\"l-section-h i-cf\"><div class=\"g-cols vc_row via_flex valign_top type_default stacking_default\"><div class=\"vc_col-sm-12 wpb_column vc_column_container\"><div class=\"vc_column-inner\"><div class=\"wpb_wrapper\"><div class=\"w-tabs accordion-css style_default switch_click accordion\" style=\"--sections-title-size:inherit\"><div class=\"w-tabs-sections titles-align_none icon_chevron cpos_right\"><div class=\"w-tabs-section\" id=\"t348\"><button class=\"w-tabs-section-header\" aria-controls=\"content-t348\" aria-expanded=\"false\"><div class=\"w-tabs-section-title\">Ebe dan\u0131\u015fmanl\u0131\u011f\u0131 hangi alanlar\u0131 kapsar?<\/div><div class=\"w-tabs-section-control\"><\/div><\/button><div  class=\"w-tabs-section-content\" id=\"content-t348\"><div class=\"w-tabs-section-content-h i-cf\"><div class=\"wpb_text_column\"><div class=\"wpb_wrapper\"><ul>\n<li>Hamilelik, do\u011fum, do\u011fum sonras\u0131 ve emzirme s\u00fcre\u00e7leri hakk\u0131nda bilgi<\/li>\n<li>Hamilelik, do\u011fum sonras\u0131 d\u00f6nem ve emzirme s\u0131ras\u0131nda sa\u011fl\u0131\u011f\u0131 geli\u015ftirici ve \u00f6nleyici davran\u0131\u015flara ili\u015fkin tavsiyeler<\/li>\n<li>Psikososyal \u00e7evre ve destek se\u00e7eneklerinin ele al\u0131nmas\u0131<\/li>\n<\/ul>\n<\/div><\/div><\/div><\/div><\/div><div class=\"w-tabs-section\" id=\"n552\"><button class=\"w-tabs-section-header\" aria-controls=\"content-n552\" aria-expanded=\"false\"><div class=\"w-tabs-section-title\">Ebe dan\u0131\u015fmanl\u0131\u011f\u0131n\u0131n \u00fccreti ne kadard\u0131r?<\/div><div class=\"w-tabs-section-control\"><\/div><\/button><div  class=\"w-tabs-section-content\" id=\"content-n552\"><div class=\"w-tabs-section-content-h i-cf\"><div class=\"wpb_text_column\"><div class=\"wpb_wrapper\"><ul>\n<li>Avusturya sa\u011fl\u0131k sigortan\u0131z varsa, ebe kons\u00fcltasyonu \u00fccretsizdir ve sigortan\u0131z taraf\u0131ndan tam olarak kar\u015f\u0131lan\u0131r.<\/li>\n<li>Nadir durumlarda, masraflar\u0131n \u00f6nceden \u00f6denmesi ve sigorta \u015firketi taraf\u0131ndan geri \u00f6denmesi gerekebilir.<\/li>\n<\/ul>\n<\/div><\/div><\/div><\/div><\/div><div class=\"w-tabs-section\" id=\"k738\"><button class=\"w-tabs-section-header\" aria-controls=\"content-k738\" aria-expanded=\"false\"><div class=\"w-tabs-section-title\">Ebe dan\u0131\u015fmanl\u0131\u011f\u0131 i\u00e7in neye ihtiyac\u0131m var?<\/div><div class=\"w-tabs-section-control\"><\/div><\/button><div  class=\"w-tabs-section-content\" id=\"content-k738\"><div class=\"w-tabs-section-content-h i-cf\"><div class=\"wpb_text_column\"><div class=\"wpb_wrapper\"><ul>\n<li>L\u00fctfen e-kart\u0131n\u0131z\u0131, kimlik kart\u0131n\u0131z\u0131 ve ebeveyn-\u00e7ocuk ge\u00e7i\u015f kart\u0131n\u0131z\u0131 getirin.<\/li>\n<li>Sorular\u0131n\u0131z\u0131 sormaktan \u00e7ekinmeyin.<\/li>\n<\/ul>\n<\/div><\/div><\/div><\/div><\/div><div class=\"w-tabs-section\" id=\"o936\"><button class=\"w-tabs-section-header\" aria-controls=\"content-o936\" aria-expanded=\"false\"><div class=\"w-tabs-section-title\">Ebe dan\u0131\u015fmanl\u0131\u011f\u0131 ne yapamaz?<\/div><div class=\"w-tabs-section-control\"><\/div><\/button><div  class=\"w-tabs-section-content\" id=\"content-o936\"><div class=\"w-tabs-section-content-h i-cf\"><div class=\"wpb_text_column\"><div class=\"wpb_wrapper\"><ul>\n<li>Ebe dan\u0131\u015fmanl\u0131\u011f\u0131, hamileli\u011fin seyri veya bebe\u011finiz hakk\u0131nda bilgi verebilecek \u00f6nleyici bir muayene de\u011fildir.<\/li>\n<\/ul>\n<\/div><\/div><\/div><\/div><\/div><\/div><\/div><\/div><\/div><\/div><\/div><\/div><\/section><section class=\"l-section wpb_row height_custom\"><div class=\"l-section-h i-cf\"><div class=\"g-cols vc_row via_flex valign_top type_default stacking_default\"><div class=\"vc_col-sm-12 wpb_column vc_column_container\"><div class=\"vc_column-inner\"><div class=\"wpb_wrapper\"><section class=\"l-section wpb_row us_custom_278d8c57 height_custom\"><div class=\"l-section-h i-cf\"><div class=\"g-cols vc_row via_flex valign_top type_default stacking_default\"><div class=\"vc_col-sm-12 wpb_column vc_column_container\"><div class=\"vc_column-inner\"><div class=\"wpb_wrapper\"><div class=\"wpb_text_column\"><div class=\"wpb_wrapper\"><h2 style=\"text-align: center;\">Hizmetlerimiz<\/h2>\n<\/div><\/div>\t\t\t<!-- Cool Timeline PRO V4.9 -->\r\n\t\t\t<div class=\"ctl-wrapper\" role=\"region\" aria-label=\"Timeline\">\r\n\t\t\t\t\t\t\t\t<div id=\"cool_timeline_1\" class=\"cool-timeline-wrapper ctl-both-sided ctl-vertical-wrapper ctl-default\" data-nav=\"show\" data-line-filling=\"false\" data-nav-pos=\"right\" data-nav-style=\"style-1\">\r\n\t\t\t\t\t<div class=\"ctl-start\"><\/div>\r\n\t\t\t\t\t<!-- Timeline Container -->\r\n\t\t\t\t\t<div class=\"ctl-timeline ctl-timeline-container\" data-animation=\"zoom-in\" aria-live=\"polite\">\r\n\t\t\t\t\t\t<!-- Center Line -->\r\n\t\t\t\t\t\t<div class=\"ctl-inner-line\" role=\"presentation\"><\/div>\r\n\t\t\t\t\t\t<!-- Timeline Content --><div id=\"ctl-story-10316\" class=\"ctl-story ctl-story-icon odd ctl-story-right ctl-no-media\" data-story-index=\"1\" role=\"article\"><!-- Story Icon --><div class=\"ctl-icon\"><i class= \"fa fas fa-check\" aria-hidden =\"true\" ><\/i><\/div> <!-- Story Arrow --><div class=\"ctl-arrow\"><\/div>\r\n\t\t\t<!-- Story Content --><div class=\"ctl-content\"><!-- Story Title --> <div class=\"ctl-title story-10316\" role=\"heading\" aria-level=\"2\"><a target=\"_self\" title=\"Erken tarama\" href=\"https:\/\/www.praenatalzentrum.wien\/tr\/hizmetlerimiz\/erken-tarama\/\" class=\"story-link\">Erken tarama<\/a><\/div><!-- Story Description --><div class=\"ctl-description\"><p><a href=\"https:\/\/www.praenatalzentrum.wien\/tr\/hizmetlerimiz\/erken-tarama\/\" target=\"_blank\" rel=\"noopener\"><strong>Gebeli\u011fin 12. haftas\u0131ndan \u00f6nce<\/strong><\/a><\/p>\n<\/div><\/div><\/div><!-- Timeline Content --><div id=\"ctl-story-10325\" class=\"ctl-story ctl-story-icon even ctl-story-left ctl-no-media\" data-story-index=\"2\" role=\"article\"><!-- Story Icon --><div class=\"ctl-icon\"><i class= \"fa fas fa-check\" aria-hidden =\"true\" ><\/i><\/div> <!-- Story Arrow --><div class=\"ctl-arrow\"><\/div>\r\n\t\t\t<!-- Story Content --><div class=\"ctl-content\"><!-- Story Title --> <div class=\"ctl-title story-10325\" role=\"heading\" aria-level=\"2\"><a target=\"_self\" title=\"Tarama 12 &#8211; Geni\u015fletilmi\u015f Kombine Test\" href=\"https:\/\/www.praenatalzentrum.wien\/tr\/hizmetlerimiz\/tarama-12-genisletilmis-kombine-test\/\" class=\"story-link\">Tarama 12 &#8211; Geni\u015fletilmi\u015f Kombine Test<\/a><\/div><!-- Story Description --><div class=\"ctl-description\"><p><a href=\"https:\/\/www.praenatalzentrum.wien\/tr\/hizmetlerimiz\/tarama-12-genisletilmis-kombine-test\/\" target=\"_blank\" rel=\"noopener\"><strong>Gebeli\u011fin 12. ila 14. haftas\u0131nda<\/strong><\/a><\/p>\n<\/div><\/div><\/div><!-- Timeline Content --><div id=\"ctl-story-10323\" class=\"ctl-story ctl-story-icon odd ctl-story-right ctl-no-media\" data-story-index=\"3\" role=\"article\"><!-- Story Icon --><div class=\"ctl-icon\"><i class= \"fa fas fa-check\" aria-hidden =\"true\" ><\/i><\/div> <!-- Story Arrow --><div class=\"ctl-arrow\"><\/div>\r\n\t\t\t<!-- Story Content --><div class=\"ctl-content\"><!-- Story Title --> <div class=\"ctl-title story-10323\" role=\"heading\" aria-level=\"2\"><a target=\"_self\" title=\"\u0130nvaziv Olmayan Prenatal Test (NIPT)\" href=\"https:\/\/www.praenatalzentrum.wien\/tr\/invaziv-olmayan-prenatal-test-nipt\/nipt-classic\/\" class=\"story-link\">\u0130nvaziv Olmayan Prenatal Test (NIPT)<\/a><\/div><!-- Story Description --><div class=\"ctl-description\"><p><a href=\"https:\/\/www.praenatalzentrum.wien\/tr\/invaziv-olmayan-prenatal-test-nipt\/nipt-classic\/\" target=\"_blank\" rel=\"noopener\"><strong>Gebeli\u011fin 11. haftas\u0131ndan itibaren<\/strong><\/a><\/p>\n<\/div><\/div><\/div><!-- Timeline Content --><div id=\"ctl-story-15807\" class=\"ctl-story ctl-story-icon even ctl-story-left ctl-no-media\" data-story-index=\"4\" role=\"article\"><!-- Story Icon --><div class=\"ctl-icon\"><i class= \"fa fas fa-check\" aria-hidden =\"true\" ><\/i><\/div> <!-- Story Arrow --><div class=\"ctl-arrow\"><\/div>\r\n\t\t\t<!-- Story Content --><div class=\"ctl-content\"><!-- Story Title --> <div class=\"ctl-title story-15807\" role=\"heading\" aria-level=\"2\"><a target=\"_blank\" title=\"Ebe dan\u0131\u015fmanl\u0131\u011f\u0131\" href=\"https:\/\/www.praenatalzentrum.wien\/tr\/ebe-danismanligi\/\" class=\"story-link\">Ebe dan\u0131\u015fmanl\u0131\u011f\u0131<\/a><\/div><!-- Story Description --><div class=\"ctl-description\"><p><a href=\"https:\/\/www.praenatalzentrum.wien\/tr\/ebe-danismanligi\/\" target=\"_blank\" rel=\"noopener\"><strong>Ayr\u0131nt\u0131lar<\/strong><\/a><\/p>\n<\/div><\/div><\/div><!-- Timeline Content --><div id=\"ctl-story-10322\" class=\"ctl-story ctl-story-icon odd ctl-story-right ctl-no-media\" data-story-index=\"5\" role=\"article\"><!-- Story Icon --><div class=\"ctl-icon\"><i class= \"fa fas fa-check\" aria-hidden =\"true\" ><\/i><\/div> <!-- Story Arrow --><div class=\"ctl-arrow\"><\/div>\r\n\t\t\t<!-- Story Content --><div class=\"ctl-content\"><!-- Story Title --> <div class=\"ctl-title story-10322\" role=\"heading\" aria-level=\"2\"><a target=\"_self\" title=\"Tarama 22 &#8211; Organ Taramas\u0131\" href=\"https:\/\/www.praenatalzentrum.wien\/tr\/hizmetlerimiz\/tarama-22-organ-taramasi\/\" class=\"story-link\">Tarama 22 &#8211; Organ Taramas\u0131<\/a><\/div><!-- Story Description --><div class=\"ctl-description\"><p><a href=\"https:\/\/www.praenatalzentrum.wien\/tr\/hizmetlerimiz\/tarama-22-organ-taramasi\/\" target=\"_blank\" rel=\"noopener\"><strong>Gebeli\u011fin 21. ila 24. haftas\u0131nda<\/strong><\/a><\/p>\n<\/div><\/div><\/div><!-- Timeline Content --><div id=\"ctl-story-10321\" class=\"ctl-story ctl-story-icon even ctl-story-left ctl-no-media\" data-story-index=\"6\" role=\"article\"><!-- Story Icon --><div class=\"ctl-icon\"><i class= \"fa fas fa-check\" aria-hidden =\"true\" ><\/i><\/div> <!-- Story Arrow --><div class=\"ctl-arrow\"><\/div>\r\n\t\t\t<!-- Story Content --><div class=\"ctl-content\"><!-- Story Title --> <div class=\"ctl-title story-10321\" role=\"heading\" aria-level=\"2\"><a target=\"_self\" title=\"Tarama 32 &#8211; Doppler muayenesi ile refah ultrasonu\" href=\"https:\/\/www.praenatalzentrum.wien\/tr\/hizmetlerimiz\/tarama-32-doppler-muayenesi-ile-refah-ultrasonu\/\" class=\"story-link\">Tarama 32 &#8211; Doppler muayenesi ile refah ultrasonu<\/a><\/div><!-- Story Description --><div class=\"ctl-description\"><p><a href=\"https:\/\/www.praenatalzentrum.wien\/tr\/hizmetlerimiz\/tarama-32-doppler-muayenesi-ile-refah-ultrasonu\/\" target=\"_blank\" rel=\"noopener\"><strong>Gebeli\u011fin 26. haftas\u0131ndan sonra (GH) &#8211; en ideali 33. ila 36. haftada<\/strong><\/a><\/p>\n<\/div><\/div><\/div><!-- Timeline Content --><div id=\"ctl-story-10320\" class=\"ctl-story ctl-story-icon odd ctl-story-right ctl-no-media\" data-story-index=\"7\" role=\"article\"><!-- Story Icon --><div class=\"ctl-icon\"><i class= \"fa fas fa-check\" aria-hidden =\"true\" ><\/i><\/div> <!-- Story Arrow --><div class=\"ctl-arrow\"><\/div>\r\n\t\t\t<!-- Story Content --><div class=\"ctl-content\"><!-- Story Title --> <div class=\"ctl-title story-10320\" role=\"heading\" aria-level=\"2\"><a target=\"_self\" title=\"Plasenta ponksiyonu (koryon villus biyopsisi)\" href=\"https:\/\/www.praenatalzentrum.wien\/tr\/hizmetlerimiz\/plasental-ponksiyon-koryon-villus-biyopsisi\/\" class=\"story-link\">Plasenta ponksiyonu (koryon villus biyopsisi)<\/a><\/div><!-- Story Description --><div class=\"ctl-description\"><p><a href=\"https:\/\/www.praenatalzentrum.wien\/tr\/hizmetlerimiz\/plasental-ponksiyon-koryon-villus-biyopsisi\/\" target=\"_blank\" rel=\"noopener\"><strong>Gebeli\u011fin 12. haftas\u0131ndan itibaren<\/strong><\/a><\/p>\n<\/div><\/div><\/div><!-- Timeline Content --><div id=\"ctl-story-10319\" class=\"ctl-story ctl-story-icon even ctl-story-left ctl-no-media\" data-story-index=\"8\" role=\"article\"><!-- Story Icon --><div class=\"ctl-icon\"><i class= \"fa fas fa-check\" aria-hidden =\"true\" ><\/i><\/div> <!-- Story Arrow --><div class=\"ctl-arrow\"><\/div>\r\n\t\t\t<!-- Story Content --><div class=\"ctl-content\"><!-- Story Title --> <div class=\"ctl-title story-10319\" role=\"heading\" aria-level=\"2\"><a target=\"_self\" title=\"Amniyotik s\u0131v\u0131 ponksiyonu (amniyosentez)\" href=\"https:\/\/www.praenatalzentrum.wien\/tr\/hizmetlerimiz\/amniyotik-sivi-ponksiyonu-amniyosentez\/\" class=\"story-link\">Amniyotik s\u0131v\u0131 ponksiyonu (amniyosentez)<\/a><\/div><!-- Story Description --><div class=\"ctl-description\"><p><a href=\"https:\/\/www.praenatalzentrum.wien\/tr\/hizmetlerimiz\/amniyotik-sivi-ponksiyonu-amniyosentez\/\" target=\"_blank\" rel=\"noopener\"><strong>Gebeli\u011fin 17. haftas\u0131ndan itibaren<\/strong><\/a><\/p>\n<\/div><\/div><\/div><!-- Timeline Content --><div id=\"ctl-story-10317\" class=\"ctl-story ctl-story-icon odd ctl-story-right ctl-no-media\" data-story-index=\"9\" role=\"article\"><!-- Story Icon --><div class=\"ctl-icon\"><i class= \"fa fas fa-check\" aria-hidden =\"true\" ><\/i><\/div> <!-- Story Arrow --><div class=\"ctl-arrow\"><\/div>\r\n\t\t\t<!-- Story Content --><div class=\"ctl-content\"><!-- Story Title --> <div class=\"ctl-title story-10317\" role=\"heading\" aria-level=\"2\"><a target=\"_self\" title=\"3D\/4D-Ultrason\" href=\"https:\/\/www.praenatalzentrum.wien\/tr\/hizmetlerimiz\/3d-4d-ultrson\/\" class=\"story-link\">3D\/4D-Ultrason<\/a><\/div><!-- Story Description --><div class=\"ctl-description\"><p><a href=\"https:\/\/www.praenatalzentrum.wien\/tr\/hizmetlerimiz\/3d-4d-ultrson\/\" target=\"_blank\" rel=\"noopener\"><strong>Gebeli\u011fin 9. ila 14. haftas\u0131nda + 25. haftas\u0131ndan itibaren<\/strong><\/a><\/p>\n<\/div><\/div><\/div><!-- Timeline Content --><div id=\"ctl-story-10318\" class=\"ctl-story ctl-story-icon even ctl-story-left ctl-no-media\" data-story-index=\"10\" role=\"article\"><!-- Story Icon --><div class=\"ctl-icon\"><i class= \"fa fas fa-check\" aria-hidden =\"true\" ><\/i><\/div> <!-- Story Arrow --><div class=\"ctl-arrow\"><\/div>\r\n\t\t\t<!-- Story Content --><div class=\"ctl-content\"><!-- Story Title --> <div class=\"ctl-title story-10318\" role=\"heading\" aria-level=\"2\"><a target=\"_self\" title=\"Genetik dan\u0131\u015fmanl\u0131k\" href=\"https:\/\/www.praenatalzentrum.wien\/tr\/hizmetlerimiz\/genetik-danismanlik\/\" class=\"story-link\">Genetik dan\u0131\u015fmanl\u0131k<\/a><\/div><!-- Story Description --><div class=\"ctl-description\"><p><strong><a href=\"https:\/\/www.praenatalzentrum.wien\/tr\/hizmetlerimiz\/genetik-danismanlik\/\" target=\"_blank\" rel=\"noopener\">Detaylar<\/a><\/strong><\/p>\n<\/div><\/div><\/div>\t\t\t\t\t<\/div>\r\n\t\t\t\t\t<div class=\"ctl-end\"><\/div>\r\n\t\t\t\t\t\t\t\t\t<\/div>\r\n\t\t\t<\/div>\r\n\t\t\t<\/div><\/div><\/div><\/div><\/div><\/section>\n<\/div><\/div><\/div><\/div><\/div><\/section>\n","protected":false},"excerpt":{"rendered":"Detaylar","protected":false},"author":2,"featured_media":0,"parent":0,"menu_order":5,"comment_status":"closed","ping_status":"closed","template":"","meta":{"footnotes":""},"class_list":["post-15802","page","type-page","status-publish","hentry"],"yoast_head":"<!-- This site is optimized with the Yoast SEO plugin v27.4 - https:\/\/yoast.com\/product\/yoast-seo-wordpress\/ -->\n<title>Ebe dan\u0131\u015fmanl\u0131\u011f\u0131 - Pr\u00e4natalzentrum an der Wien<\/title>\n<meta name=\"robots\" content=\"index, follow, max-snippet:-1, max-image-preview:large, max-video-preview:-1\" \/>\n<link rel=\"canonical\" href=\"https:\/\/www.praenatalzentrum.wien\/tr\/ebe-danismanligi\/\" \/>\n<meta property=\"og:locale\" content=\"tr_TR\" \/>\n<meta property=\"og:type\" content=\"article\" \/>\n<meta property=\"og:title\" content=\"Ebe dan\u0131\u015fmanl\u0131\u011f\u0131 - Pr\u00e4natalzentrum an der Wien\" \/>\n<meta property=\"og:url\" content=\"https:\/\/www.praenatalzentrum.wien\/tr\/ebe-danismanligi\/\" \/>\n<meta property=\"og:site_name\" content=\"Pr\u00e4natalzentrum an der Wien\" \/>\n<meta property=\"article:modified_time\" content=\"2025-10-07T18:42:01+00:00\" \/>\n<meta property=\"og:image\" content=\"https:\/\/www.praenatalzentrum.wien\/wp-content\/uploads\/2021\/05\/praenatalzentrum-an-der-wien-slider-maedchen-1.jpg\" \/>\n\t<meta property=\"og:image:width\" content=\"1200\" \/>\n\t<meta property=\"og:image:height\" content=\"620\" \/>\n\t<meta property=\"og:image:type\" content=\"image\/jpeg\" \/>\n<meta name=\"twitter:card\" content=\"summary_large_image\" \/>\n<meta name=\"twitter:label1\" content=\"Tahmini okuma s\u00fcresi\" \/>\n\t<meta name=\"twitter:data1\" content=\"2 dakika\" \/>\n<script type=\"application\/ld+json\" class=\"yoast-schema-graph\">{\"@context\":\"https:\\\/\\\/schema.org\",\"@graph\":[{\"@type\":\"WebPage\",\"@id\":\"https:\\\/\\\/www.praenatalzentrum.wien\\\/tr\\\/ebe-danismanligi\\\/\",\"url\":\"https:\\\/\\\/www.praenatalzentrum.wien\\\/tr\\\/ebe-danismanligi\\\/\",\"name\":\"Ebe dan\u0131\u015fmanl\u0131\u011f\u0131 - Pr\u00e4natalzentrum an der Wien\",\"isPartOf\":{\"@id\":\"https:\\\/\\\/www.praenatalzentrum.wien\\\/tr\\\/#website\"},\"datePublished\":\"2025-10-07T18:20:23+00:00\",\"dateModified\":\"2025-10-07T18:42:01+00:00\",\"breadcrumb\":{\"@id\":\"https:\\\/\\\/www.praenatalzentrum.wien\\\/tr\\\/ebe-danismanligi\\\/#breadcrumb\"},\"inLanguage\":\"tr\",\"potentialAction\":[{\"@type\":\"ReadAction\",\"target\":[\"https:\\\/\\\/www.praenatalzentrum.wien\\\/tr\\\/ebe-danismanligi\\\/\"]}]},{\"@type\":\"BreadcrumbList\",\"@id\":\"https:\\\/\\\/www.praenatalzentrum.wien\\\/tr\\\/ebe-danismanligi\\\/#breadcrumb\",\"itemListElement\":[{\"@type\":\"ListItem\",\"position\":1,\"name\":\"Startseite\",\"item\":\"https:\\\/\\\/www.praenatalzentrum.wien\\\/tr\\\/\"},{\"@type\":\"ListItem\",\"position\":2,\"name\":\"Ebe dan\u0131\u015fmanl\u0131\u011f\u0131\"}]},{\"@type\":\"WebSite\",\"@id\":\"https:\\\/\\\/www.praenatalzentrum.wien\\\/tr\\\/#website\",\"url\":\"https:\\\/\\\/www.praenatalzentrum.wien\\\/tr\\\/\",\"name\":\"Pr\u00e4natalzentrum an der Wien\",\"description\":\"Pr\u00e4nataldiagnostik\",\"publisher\":{\"@id\":\"https:\\\/\\\/www.praenatalzentrum.wien\\\/tr\\\/#organization\"},\"potentialAction\":[{\"@type\":\"SearchAction\",\"target\":{\"@type\":\"EntryPoint\",\"urlTemplate\":\"https:\\\/\\\/www.praenatalzentrum.wien\\\/tr\\\/?s={search_term_string}\"},\"query-input\":{\"@type\":\"PropertyValueSpecification\",\"valueRequired\":true,\"valueName\":\"search_term_string\"}}],\"inLanguage\":\"tr\"},{\"@type\":\"Organization\",\"@id\":\"https:\\\/\\\/www.praenatalzentrum.wien\\\/tr\\\/#organization\",\"name\":\"Pr\u00e4natalzentrum an der Wien\",\"url\":\"https:\\\/\\\/www.praenatalzentrum.wien\\\/tr\\\/\",\"logo\":{\"@type\":\"ImageObject\",\"inLanguage\":\"tr\",\"@id\":\"https:\\\/\\\/www.praenatalzentrum.wien\\\/tr\\\/#\\\/schema\\\/logo\\\/image\\\/\",\"url\":\"https:\\\/\\\/www.praenatalzentrum.wien\\\/wp-content\\\/uploads\\\/2020\\\/11\\\/Praenatalzentrum-Wien_Logo.png\",\"contentUrl\":\"https:\\\/\\\/www.praenatalzentrum.wien\\\/wp-content\\\/uploads\\\/2020\\\/11\\\/Praenatalzentrum-Wien_Logo.png\",\"width\":476,\"height\":100,\"caption\":\"Pr\u00e4natalzentrum an der Wien\"},\"image\":{\"@id\":\"https:\\\/\\\/www.praenatalzentrum.wien\\\/tr\\\/#\\\/schema\\\/logo\\\/image\\\/\"}}]}<\/script>\n<!-- \/ Yoast SEO plugin. -->","yoast_head_json":{"title":"Ebe dan\u0131\u015fmanl\u0131\u011f\u0131 - Pr\u00e4natalzentrum an der Wien","robots":{"index":"index","follow":"follow","max-snippet":"max-snippet:-1","max-image-preview":"max-image-preview:large","max-video-preview":"max-video-preview:-1"},"canonical":"https:\/\/www.praenatalzentrum.wien\/tr\/ebe-danismanligi\/","og_locale":"tr_TR","og_type":"article","og_title":"Ebe dan\u0131\u015fmanl\u0131\u011f\u0131 - Pr\u00e4natalzentrum an der Wien","og_url":"https:\/\/www.praenatalzentrum.wien\/tr\/ebe-danismanligi\/","og_site_name":"Pr\u00e4natalzentrum an der Wien","article_modified_time":"2025-10-07T18:42:01+00:00","og_image":[{"width":1200,"height":620,"url":"https:\/\/www.praenatalzentrum.wien\/wp-content\/uploads\/2021\/05\/praenatalzentrum-an-der-wien-slider-maedchen-1.jpg","type":"image\/jpeg"}],"twitter_card":"summary_large_image","twitter_misc":{"Tahmini okuma s\u00fcresi":"2 dakika"},"schema":{"@context":"https:\/\/schema.org","@graph":[{"@type":"WebPage","@id":"https:\/\/www.praenatalzentrum.wien\/tr\/ebe-danismanligi\/","url":"https:\/\/www.praenatalzentrum.wien\/tr\/ebe-danismanligi\/","name":"Ebe dan\u0131\u015fmanl\u0131\u011f\u0131 - Pr\u00e4natalzentrum an der Wien","isPartOf":{"@id":"https:\/\/www.praenatalzentrum.wien\/tr\/#website"},"datePublished":"2025-10-07T18:20:23+00:00","dateModified":"2025-10-07T18:42:01+00:00","breadcrumb":{"@id":"https:\/\/www.praenatalzentrum.wien\/tr\/ebe-danismanligi\/#breadcrumb"},"inLanguage":"tr","potentialAction":[{"@type":"ReadAction","target":["https:\/\/www.praenatalzentrum.wien\/tr\/ebe-danismanligi\/"]}]},{"@type":"BreadcrumbList","@id":"https:\/\/www.praenatalzentrum.wien\/tr\/ebe-danismanligi\/#breadcrumb","itemListElement":[{"@type":"ListItem","position":1,"name":"Startseite","item":"https:\/\/www.praenatalzentrum.wien\/tr\/"},{"@type":"ListItem","position":2,"name":"Ebe dan\u0131\u015fmanl\u0131\u011f\u0131"}]},{"@type":"WebSite","@id":"https:\/\/www.praenatalzentrum.wien\/tr\/#website","url":"https:\/\/www.praenatalzentrum.wien\/tr\/","name":"Pr\u00e4natalzentrum an der Wien","description":"Pr\u00e4nataldiagnostik","publisher":{"@id":"https:\/\/www.praenatalzentrum.wien\/tr\/#organization"},"potentialAction":[{"@type":"SearchAction","target":{"@type":"EntryPoint","urlTemplate":"https:\/\/www.praenatalzentrum.wien\/tr\/?s={search_term_string}"},"query-input":{"@type":"PropertyValueSpecification","valueRequired":true,"valueName":"search_term_string"}}],"inLanguage":"tr"},{"@type":"Organization","@id":"https:\/\/www.praenatalzentrum.wien\/tr\/#organization","name":"Pr\u00e4natalzentrum an der Wien","url":"https:\/\/www.praenatalzentrum.wien\/tr\/","logo":{"@type":"ImageObject","inLanguage":"tr","@id":"https:\/\/www.praenatalzentrum.wien\/tr\/#\/schema\/logo\/image\/","url":"https:\/\/www.praenatalzentrum.wien\/wp-content\/uploads\/2020\/11\/Praenatalzentrum-Wien_Logo.png","contentUrl":"https:\/\/www.praenatalzentrum.wien\/wp-content\/uploads\/2020\/11\/Praenatalzentrum-Wien_Logo.png","width":476,"height":100,"caption":"Pr\u00e4natalzentrum an der Wien"},"image":{"@id":"https:\/\/www.praenatalzentrum.wien\/tr\/#\/schema\/logo\/image\/"}}]}},"_links":{"self":[{"href":"https:\/\/www.praenatalzentrum.wien\/tr\/wp-json\/wp\/v2\/pages\/15802","targetHints":{"allow":["GET"]}}],"collection":[{"href":"https:\/\/www.praenatalzentrum.wien\/tr\/wp-json\/wp\/v2\/pages"}],"about":[{"href":"https:\/\/www.praenatalzentrum.wien\/tr\/wp-json\/wp\/v2\/types\/page"}],"author":[{"embeddable":true,"href":"https:\/\/www.praenatalzentrum.wien\/tr\/wp-json\/wp\/v2\/users\/2"}],"replies":[{"embeddable":true,"href":"https:\/\/www.praenatalzentrum.wien\/tr\/wp-json\/wp\/v2\/comments?post=15802"}],"version-history":[{"count":5,"href":"https:\/\/www.praenatalzentrum.wien\/tr\/wp-json\/wp\/v2\/pages\/15802\/revisions"}],"predecessor-version":[{"id":15815,"href":"https:\/\/www.praenatalzentrum.wien\/tr\/wp-json\/wp\/v2\/pages\/15802\/revisions\/15815"}],"wp:attachment":[{"href":"https:\/\/www.praenatalzentrum.wien\/tr\/wp-json\/wp\/v2\/media?parent=15802"}],"curies":[{"name":"wp","href":"https:\/\/api.w.org\/{rel}","templated":true}]}}