{"id":10073,"date":"2021-06-14T13:57:30","date_gmt":"2021-06-14T11:57:30","guid":{"rendered":"https:\/\/www.praenatalzentrum.wien\/hizmetlerimiz\/tarama-22-organ-taramasi\/"},"modified":"2022-08-28T19:13:34","modified_gmt":"2022-08-28T17:13:34","slug":"tarama-22-organ-taramasi","status":"publish","type":"page","link":"https:\/\/www.praenatalzentrum.wien\/tr\/ultrason\/tarama-22-organ-taramasi\/","title":{"rendered":"Tarama 22 \u2013 Organ taramas\u0131"},"content":{"rendered":"<section class=\"l-section wpb_row us_custom_d278f961 height_custom\"><div class=\"l-section-overlay\" style=\"background:#f6c3b5\"><\/div><div class=\"l-section-h i-cf\"><div class=\"g-cols vc_row via_flex valign_top type_default stacking_default\"><div class=\"vc_col-sm-12 wpb_column vc_column_container\"><div class=\"vc_column-inner\"><div class=\"wpb_wrapper\"><div class=\"g-cols wpb_row us_custom_c557569a has_text_color via_flex valign_top type_default stacking_default\"><div class=\"vc_col-sm-6 wpb_column vc_column_container\"><div class=\"vc_column-inner\"><div class=\"wpb_wrapper\"><div class=\"wpb_text_column\"><div class=\"wpb_wrapper\"><h1>Tarama 22 \u2013 Organ taramas\u0131<\/h1>\n<\/div><\/div><div class=\"wpb_text_column\"><div class=\"wpb_wrapper\"><div class=\"h4commons\">Gebeli\u011fin 21. ila 24. haftas\u0131nda<\/div>\n<p><span class=\"h6style\">Hedefler:<\/span><br \/>\nA\u015fa\u011f\u0131da belirtilen hususlar\u0131 g\u00f6rmek<\/p>\n<ul>\n<li>herhangi bir fetal malformasyon<\/li>\n<li>Plasentan\u0131n dola\u015f\u0131m ve lokalizasyon bozukluklar\u0131 ve<\/li>\n<li>erken do\u011fum riski<\/li>\n<\/ul>\n<\/div><\/div><\/div><\/div><\/div><div class=\"vc_col-sm-6 wpb_column vc_column_container\"><div class=\"vc_column-inner\"><div class=\"wpb_wrapper\"><div class=\"w-image zoombild align_center\"><div class=\"w-image-h\"><img decoding=\"async\" width=\"570\" height=\"380\" src=\"https:\/\/www.praenatalzentrum.wien\/wp-content\/uploads\/2022\/08\/praenatalzentrum-wien-untersuchungen-organscreening.jpg\" class=\"attachment-full size-full\" alt=\"Screening 22 \u2013 Organscreening\" loading=\"lazy\" srcset=\"https:\/\/www.praenatalzentrum.wien\/wp-content\/uploads\/2022\/08\/praenatalzentrum-wien-untersuchungen-organscreening.jpg 570w, https:\/\/www.praenatalzentrum.wien\/wp-content\/uploads\/2022\/08\/praenatalzentrum-wien-untersuchungen-organscreening-300x200.jpg 300w\" sizes=\"auto, (max-width: 570px) 100vw, 570px\" \/><\/div><\/div><\/div><\/div><\/div><\/div><\/div><\/div><\/div><\/div><\/div><\/section><section class=\"l-section wpb_row height_custom\"><div class=\"l-section-h i-cf\"><div class=\"g-cols vc_row via_flex valign_top type_default stacking_default\"><div class=\"vc_col-sm-8 wpb_column vc_column_container\"><div class=\"vc_column-inner\"><div class=\"wpb_wrapper\"><div class=\"wpb_text_column\"><div class=\"wpb_wrapper\"><p>Gebeli\u011fin 21. haftas\u0131ndan itibaren organlar detayl\u0131 olarak incelenebilecek kadar geli\u015fmi\u015ftir. Organ taramas\u0131nda, \u00e7ocu\u011fun i\u00e7 organlar\u0131 (beyin, kalp, akci\u011ferler, b\u00f6brekler, idrar kesesi, mide ve ba\u011f\u0131rsak sistemi ve karaci\u011fer dahil) annenin kar\u0131n duvar\u0131n\u0131n yan\u0131 s\u0131ra <strong>omurga, ekstremite ve vu\u0308cut hatlar\u0131n\u0131n ultrason taramalar\u0131 kullan\u0131larak incelenir. Anormal bulgular varsa gerekirse anne karn\u0131nda tedaviler yap\u0131labilir.<\/strong> Ayr\u0131ca, di\u011fer uzmanl\u0131k alanlar\u0131ndan (neonatoloji, pediatrik, beyin cerrahisi veya \u00e7ene cerrahisi gibi) doktorlarla <strong>uygun do\u011fum y\u00f6netimini sa\u011flamak ve gebelik esnas\u0131nda sonraki tedavileri planlamak<\/strong> mu\u0308mku\u0308ndu\u0308r. Bu muayene <a href=\"http:\/\/www.oegum.at\" target=\"_blank\" rel=\"nofollow noopener noreferrer\">\u00d6GUM Derece II standartlar\u0131n\u0131n<\/a> kalite kriterlerine g\u00f6re ger\u00e7ekle\u015ftirilmektedir. Sertifikam\u0131z, son teknoloji ekipmanlarla nitelikli do\u011fum \u00f6ncesi te\u015fhis muayeneleri anlam\u0131na gelir.<\/p>\n<p>Muayene s\u0131ras\u0131nda bir <a href=\"https:\/\/www.praenatalzentrum.wien\/tr\/hizmetlerimiz\/tarama-32-doppler-muayenesi-ile-refah-ultrasonu\/\" rel=\"noopener\"><strong>Doppler kan ak\u0131m\u0131 \u00f6l\u00e7u\u0308mu\u0308<\/strong><\/a>, \u00e7ocu\u011fun plasenta yoluyla olas\u0131 yetersiz beslenmesinin (plasenta yetmezli\u011fi) belirtilerini verir. Erken do\u011fum olas\u0131l\u0131\u011f\u0131, <a href=\"https:\/\/www.praenatalzentrum.wien\/tr\/hizmetlerimiz\/servikal-ultrason\/\"><strong>serviksin (serviksin uzunlu\u011fu) \u00f6l\u00e7u\u0308lmesiyle<\/strong><\/a> hesaplan\u0131r. \u0130stenirse, tarama 22 s\u0131ras\u0131nda <strong>kromozomal anormallik belirtileri<\/strong> i\u00e7in bir inceleme yap\u0131labilir.<\/p>\n<ul>\n<li>Sonu\u00e7lar\u0131 muayeneden hemen sonra alacaks\u0131n\u0131z.<\/li>\n<li>\u00c7ocu\u011fun durumu ve pozisyonu izin veriyorsa, muayene s\u0131ras\u0131nda 3 boyutlu ultrason g\u00f6ru\u0308ntu\u0308su\u0308 du\u0308zenlemekten memnuniyet duyar\u0131z.<\/li>\n<li>Ultrason g\u00f6ru\u0308ntu\u0308leriniz dijital olarak an\u0131nda elinizin alt\u0131nda.<\/li>\n<\/ul>\n<\/div><\/div><\/div><\/div><\/div><div class=\"vc_col-sm-4 wpb_column vc_column_container\"><div class=\"vc_column-inner\"><div class=\"wpb_wrapper\"><section class=\"l-section wpb_row us_custom_278d8c57 height_custom width_full\"><div class=\"l-section-h i-cf\"><div class=\"g-cols vc_row via_flex valign_top type_default stacking_default\"><div class=\"vc_col-sm-12 wpb_column vc_column_container\"><div class=\"vc_column-inner\"><div class=\"wpb_wrapper\"><div class=\"w-btn-wrapper align_justify\"><a class=\"w-btn us-btn-style_1\" title=\"Online randevu al\u0131n\" target=\"_blank\" rel=\"nofollow\" href=\"https:\/\/www.praenatalzentrum.wien\/tr\/randevu-rezervasyonu\/\"><span class=\"w-btn-label\">Online randevu rezervasyonu<\/span><\/a><\/div><div class=\"w-separator size_small\"><\/div><div class=\"w-popup w-btn-wrapper align_none\"><button type=\"button\" aria-label=\"Pratik Bilgi\" class=\"w-popup-trigger type_btn w-btn us-btn-style_25 icon_atleft\"><i class=\"fas fa-info\"><\/i><span class=\"w-btn-label\">Pratik Bilgi<\/span><\/button><div class=\"w-popup-overlay\" style=\"background:rgba(0,0,0,0.5);\"><\/div><div class=\"w-popup-wrap layout_default\" role=\"dialog\" aria-modal=\"true\" aria-label=\"Pratik Bilgi\" style=\"--title-color:var(--color-content-heading);--title-bg-color:var(--color-content-bg-alt);--content-color:var(--color-content-text);--content-bg-color:var(--color-content-bg);--popup-width:85%;--popup-padding:5%;\"><button aria-label=\"Kapat\" class=\"w-popup-closer\" type=\"button\"><\/button><div class=\"w-popup-box animation_fadeIn closerpos_outside with_title\"><div class=\"w-popup-box-h\"><div class=\"w-popup-box-title\">Pratik Bilgi<\/div><div class=\"w-popup-box-content\"><p><span class=\"h4style\">Faturaland\u0131rma ve \u00f6deme modu<\/span><\/p>\n<p>\u0130lgili uayenenin sonunda, taraf\u0131n\u0131za fatura verilecektir. <strong>Banka veya kredi kart\u0131 ile rahatl\u0131kla<\/strong> \u00f6deme yapabilirsiniz.<\/p>\n<p>&nbsp;<\/p>\n<p><span class=\"h4style\">Ultrason g\u00f6ru\u0308ntu\u0308leriniz dijital olarak an\u0131nda elinizin alt\u0131nda<\/span><\/p>\n<p>\u00d6zel bir EDV program\u0131 ile, ultrason g\u00f6ru\u0308ntu\u0308lerini ve video dizilerini gu\u0308venli bir ba\u011flant\u0131 kullanarak istedi\u011finiz bir cep telefonu numaras\u0131na veya e-posta adresine iletmek mu\u0308mku\u0308ndu\u0308r. B\u00f6ylece resimleri \u2013 talebiniz u\u0308zere \u2013 hemen ak\u0131ll\u0131 telefonunuzda.<\/p>\n<p>&nbsp;<\/p>\n<p><span class=\"h4style\">\u0130kiz Gebelik ile ilgili Bilgiler<\/span><\/p>\n<p>\u0130kiz gebelikler genellikle maj\u00f6r komplikasyonlar olmadan ilerlese de t\u0131bbi a\u00e7\u0131dan yu\u0308ksek riskli gebelikler olarak s\u0131n\u0131fland\u0131r\u0131l\u0131rlar. \u0130kiz anne adaylar\u0131 i\u00e7in olas\u0131 riskler ve tavsiyeler hakk\u0131nda <a href=\"https:\/\/www.praenatalzentrum.wien\/tr\/formlar\/\">bilgileri<\/a> derledik.<\/p>\n<p>&nbsp;<\/p>\n<p><span class=\"h4style\">Formlar ve bilgi bro\u015fu\u0308rleri<\/span><\/p>\n<p><a href=\"https:\/\/www.praenatalzentrum.wien\/tr\/formlar\/\">Buradan<\/a> formlar\u0131 ve bilgi sayfalar\u0131n\u0131 indirebilirsiniz.<\/p>\n<\/div><\/div><\/div><\/div><\/div><div class=\"w-separator size_small\"><\/div><div class=\"w-btn-wrapper align_justify\"><a class=\"w-btn us-btn-style_25 icon_atleft\" title=\"Online randevu al\u0131n\" href=\"https:\/\/www.praenatalzentrum.wien\/tr\/maliyet\/\"><i class=\"fas fa-euro-sign\"><\/i><span class=\"w-btn-label\">Maliyet<\/span><\/a><\/div><div class=\"w-separator size_small\"><\/div><div class=\"w-btn-wrapper align_justify\"><a class=\"w-btn us-btn-style_25 icon_atleft\" title=\"Online randevu al\u0131n\" href=\"https:\/\/www.praenatalzentrum.wien\/tr\/formlar\/\"><i class=\"fas fa-file-contract\"><\/i><span class=\"w-btn-label\">Formlar<\/span><\/a><\/div><\/div><\/div><\/div><\/div><\/div><\/section>\n<div class=\"w-separator size_small\"><\/div><div class=\"wpb_text_column\"><div class=\"wpb_wrapper\"><\/div><\/div><\/div><\/div><\/div><\/div><\/div><\/section><section class=\"l-section wpb_row height_custom color_alternate with_img\"><div class=\"l-section-img\" role=\"img\" aria-label=\"Kachel \u2013 Hintergrund gr\u00fcn, Pr\u00e4natalzentrum an der Wien\" data-img-width=\"350\" data-img-height=\"28\" style=\"background-image: url(https:\/\/www.praenatalzentrum.wien\/wp-content\/uploads\/2020\/12\/kachel-salbei-350.png);background-size: auto;\"><\/div><div class=\"l-section-overlay\" style=\"background:rgba(255,255,255,0.4)\"><\/div><div class=\"l-section-h i-cf\"><div class=\"g-cols vc_row via_flex valign_top type_default stacking_default\"><div class=\"vc_col-sm-12 wpb_column vc_column_container\"><div class=\"vc_column-inner\"><div class=\"wpb_wrapper\"><div class=\"wpb_text_column\"><div class=\"wpb_wrapper\"><p style=\"text-align: center;\"><span class=\"h4stylegreen\">Bizimle ileti\u015fime ge\u00e7menizden memnuniyet duyar\u0131z!<\/span><\/p>\n<\/div><\/div><div class=\"w-separator size_small\"><\/div><div class=\"g-cols wpb_row via_flex valign_top type_default stacking_default\"><div class=\"vc_col-sm-4 wpb_column vc_column_container\"><div class=\"vc_column-inner\"><div class=\"wpb_wrapper\"><div class=\"w-btn-wrapper align_justify\"><a class=\"w-btn us-btn-style_17 icon_atleft\" title=\"Online randevu al\u0131n\" href=\"https:\/\/www.praenatalzentrum.wien\/tr\/randevu-rezervasyonu\/\"><i class=\"fas fa-calendar\"><\/i><span class=\"w-btn-label\">Online randevu rezervasyonu<\/span><\/a><\/div><\/div><\/div><\/div><div class=\"vc_col-sm-4 wpb_column vc_column_container\"><div class=\"vc_column-inner\"><div class=\"wpb_wrapper\"><div class=\"w-btn-wrapper align_justify\"><a class=\"w-btn us-btn-style_17 icon_atleft\" title=\"Ara: +43 1 388 70 80\" target=\"_blank\" rel=\"nofollow\" href=\"tel:+4313887080\"><i class=\"fas fa-phone\"><\/i><span class=\"w-btn-label\">Ara<\/span><\/a><\/div><\/div><\/div><\/div><div class=\"vc_col-sm-4 wpb_column vc_column_container\"><div class=\"vc_column-inner\"><div class=\"wpb_wrapper\"><div class=\"w-btn-wrapper align_justify\"><a class=\"w-btn us-btn-style_17 icon_atleft\" title=\"Mail yolla office@praenatalzentrum.wien\" target=\"_blank\" rel=\"nofollow\" href=\"mailto:office@praenatalzentrum.wien\"><i class=\"fas fa-envelope\"><\/i><span class=\"w-btn-label\">Mail yolla<\/span><\/a><\/div><\/div><\/div><\/div><\/div><\/div><\/div><\/div><\/div><\/div><\/section><section class=\"l-section wpb_row height_custom\"><div class=\"l-section-h i-cf\"><div class=\"g-cols vc_row via_flex valign_top type_default stacking_default\"><div class=\"vc_col-sm-12 wpb_column vc_column_container\"><div class=\"vc_column-inner\"><div class=\"wpb_wrapper\"><section class=\"l-section wpb_row us_custom_278d8c57 height_custom\"><div class=\"l-section-h i-cf\"><div class=\"g-cols vc_row via_flex valign_top type_default stacking_default\"><div class=\"vc_col-sm-12 wpb_column vc_column_container\"><div class=\"vc_column-inner\"><div class=\"wpb_wrapper\"><div class=\"wpb_text_column\"><div class=\"wpb_wrapper\"><h2 style=\"text-align: center;\">Hizmetlerimiz<\/h2>\n<\/div><\/div>\t\t\t<!-- Cool Timeline PRO V4.9 -->\r\n\t\t\t<div class=\"ctl-wrapper\" role=\"region\" aria-label=\"Timeline\">\r\n\t\t\t\t\t\t\t\t<div id=\"cool_timeline_1\" class=\"cool-timeline-wrapper ctl-both-sided ctl-vertical-wrapper ctl-default\" data-nav=\"show\" data-line-filling=\"false\" data-nav-pos=\"right\" data-nav-style=\"style-1\">\r\n\t\t\t\t\t<div class=\"ctl-start\"><\/div>\r\n\t\t\t\t\t<!-- Timeline Container -->\r\n\t\t\t\t\t<div class=\"ctl-timeline ctl-timeline-container\" data-animation=\"zoom-in\" aria-live=\"polite\">\r\n\t\t\t\t\t\t<!-- Center Line -->\r\n\t\t\t\t\t\t<div class=\"ctl-inner-line\" role=\"presentation\"><\/div>\r\n\t\t\t\t\t\t<!-- Timeline Content --><div id=\"ctl-story-10316\" class=\"ctl-story ctl-story-icon odd ctl-story-right ctl-no-media\" data-story-index=\"1\" role=\"article\"><!-- Story Icon --><div class=\"ctl-icon\"><i class= \"fa fas fa-check\" aria-hidden =\"true\" ><\/i><\/div> <!-- Story Arrow --><div class=\"ctl-arrow\"><\/div>\r\n\t\t\t<!-- Story Content --><div class=\"ctl-content\"><!-- Story Title --> <div class=\"ctl-title story-10316\" role=\"heading\" aria-level=\"2\"><a target=\"_self\" title=\"Erken tarama\" href=\"https:\/\/www.praenatalzentrum.wien\/tr\/hizmetlerimiz\/erken-tarama\/\" class=\"story-link\">Erken tarama<\/a><\/div><!-- Story Description --><div class=\"ctl-description\"><p><a href=\"https:\/\/www.praenatalzentrum.wien\/tr\/hizmetlerimiz\/erken-tarama\/\" target=\"_blank\" rel=\"noopener\"><strong>Gebeli\u011fin 12. haftas\u0131ndan \u00f6nce<\/strong><\/a><\/p>\n<\/div><\/div><\/div><!-- Timeline Content --><div id=\"ctl-story-10325\" class=\"ctl-story ctl-story-icon even ctl-story-left ctl-no-media\" data-story-index=\"2\" role=\"article\"><!-- Story Icon --><div class=\"ctl-icon\"><i class= \"fa fas fa-check\" aria-hidden =\"true\" ><\/i><\/div> <!-- Story Arrow --><div class=\"ctl-arrow\"><\/div>\r\n\t\t\t<!-- Story Content --><div class=\"ctl-content\"><!-- Story Title --> <div class=\"ctl-title story-10325\" role=\"heading\" aria-level=\"2\"><a target=\"_self\" title=\"Tarama 12 &#8211; Geni\u015fletilmi\u015f Kombine Test\" href=\"https:\/\/www.praenatalzentrum.wien\/tr\/hizmetlerimiz\/tarama-12-genisletilmis-kombine-test\/\" class=\"story-link\">Tarama 12 &#8211; Geni\u015fletilmi\u015f Kombine Test<\/a><\/div><!-- Story Description --><div class=\"ctl-description\"><p><a href=\"https:\/\/www.praenatalzentrum.wien\/tr\/hizmetlerimiz\/tarama-12-genisletilmis-kombine-test\/\" target=\"_blank\" rel=\"noopener\"><strong>Gebeli\u011fin 12. ila 14. haftas\u0131nda<\/strong><\/a><\/p>\n<\/div><\/div><\/div><!-- Timeline Content --><div id=\"ctl-story-10323\" class=\"ctl-story ctl-story-icon odd ctl-story-right ctl-no-media\" data-story-index=\"3\" role=\"article\"><!-- Story Icon --><div class=\"ctl-icon\"><i class= \"fa fas fa-check\" aria-hidden =\"true\" ><\/i><\/div> <!-- Story Arrow --><div class=\"ctl-arrow\"><\/div>\r\n\t\t\t<!-- Story Content --><div class=\"ctl-content\"><!-- Story Title --> <div class=\"ctl-title story-10323\" role=\"heading\" aria-level=\"2\"><a target=\"_self\" title=\"\u0130nvaziv Olmayan Prenatal Test (NIPT)\" href=\"https:\/\/www.praenatalzentrum.wien\/tr\/invaziv-olmayan-prenatal-test-nipt\/nipt-classic\/\" class=\"story-link\">\u0130nvaziv Olmayan Prenatal Test (NIPT)<\/a><\/div><!-- Story Description --><div class=\"ctl-description\"><p><a href=\"https:\/\/www.praenatalzentrum.wien\/tr\/invaziv-olmayan-prenatal-test-nipt\/nipt-classic\/\" target=\"_blank\" rel=\"noopener\"><strong>Gebeli\u011fin 11. haftas\u0131ndan itibaren<\/strong><\/a><\/p>\n<\/div><\/div><\/div><!-- Timeline Content --><div id=\"ctl-story-15807\" class=\"ctl-story ctl-story-icon even ctl-story-left ctl-no-media\" data-story-index=\"4\" role=\"article\"><!-- Story Icon --><div class=\"ctl-icon\"><i class= \"fa fas fa-check\" aria-hidden =\"true\" ><\/i><\/div> <!-- Story Arrow --><div class=\"ctl-arrow\"><\/div>\r\n\t\t\t<!-- Story Content --><div class=\"ctl-content\"><!-- Story Title --> <div class=\"ctl-title story-15807\" role=\"heading\" aria-level=\"2\"><a target=\"_blank\" title=\"Ebe dan\u0131\u015fmanl\u0131\u011f\u0131\" href=\"https:\/\/www.praenatalzentrum.wien\/tr\/ebe-danismanligi\/\" class=\"story-link\">Ebe dan\u0131\u015fmanl\u0131\u011f\u0131<\/a><\/div><!-- Story Description --><div class=\"ctl-description\"><p><a href=\"https:\/\/www.praenatalzentrum.wien\/tr\/ebe-danismanligi\/\" target=\"_blank\" rel=\"noopener\"><strong>Ayr\u0131nt\u0131lar<\/strong><\/a><\/p>\n<\/div><\/div><\/div><!-- Timeline Content --><div id=\"ctl-story-10322\" class=\"ctl-story ctl-story-icon odd ctl-story-right ctl-no-media\" data-story-index=\"5\" role=\"article\"><!-- Story Icon --><div class=\"ctl-icon\"><i class= \"fa fas fa-check\" aria-hidden =\"true\" ><\/i><\/div> <!-- Story Arrow --><div class=\"ctl-arrow\"><\/div>\r\n\t\t\t<!-- Story Content --><div class=\"ctl-content\"><!-- Story Title --> <div class=\"ctl-title story-10322\" role=\"heading\" aria-level=\"2\"><a target=\"_self\" title=\"Tarama 22 &#8211; Organ Taramas\u0131\" href=\"https:\/\/www.praenatalzentrum.wien\/tr\/hizmetlerimiz\/tarama-22-organ-taramasi\/\" class=\"story-link\">Tarama 22 &#8211; Organ Taramas\u0131<\/a><\/div><!-- Story Description --><div class=\"ctl-description\"><p><a href=\"https:\/\/www.praenatalzentrum.wien\/tr\/hizmetlerimiz\/tarama-22-organ-taramasi\/\" target=\"_blank\" rel=\"noopener\"><strong>Gebeli\u011fin 21. ila 24. haftas\u0131nda<\/strong><\/a><\/p>\n<\/div><\/div><\/div><!-- Timeline Content --><div id=\"ctl-story-10321\" class=\"ctl-story ctl-story-icon even ctl-story-left ctl-no-media\" data-story-index=\"6\" role=\"article\"><!-- Story Icon --><div class=\"ctl-icon\"><i class= \"fa fas fa-check\" aria-hidden =\"true\" ><\/i><\/div> <!-- Story Arrow --><div class=\"ctl-arrow\"><\/div>\r\n\t\t\t<!-- Story Content --><div class=\"ctl-content\"><!-- Story Title --> <div class=\"ctl-title story-10321\" role=\"heading\" aria-level=\"2\"><a target=\"_self\" title=\"Tarama 32 &#8211; Doppler muayenesi ile refah ultrasonu\" href=\"https:\/\/www.praenatalzentrum.wien\/tr\/hizmetlerimiz\/tarama-32-doppler-muayenesi-ile-refah-ultrasonu\/\" class=\"story-link\">Tarama 32 &#8211; Doppler muayenesi ile refah ultrasonu<\/a><\/div><!-- Story Description --><div class=\"ctl-description\"><p><a href=\"https:\/\/www.praenatalzentrum.wien\/tr\/hizmetlerimiz\/tarama-32-doppler-muayenesi-ile-refah-ultrasonu\/\" target=\"_blank\" rel=\"noopener\"><strong>Gebeli\u011fin 26. haftas\u0131ndan sonra (GH) &#8211; en ideali 33. ila 36. haftada<\/strong><\/a><\/p>\n<\/div><\/div><\/div><!-- Timeline Content --><div id=\"ctl-story-10320\" class=\"ctl-story ctl-story-icon odd ctl-story-right ctl-no-media\" data-story-index=\"7\" role=\"article\"><!-- Story Icon --><div class=\"ctl-icon\"><i class= \"fa fas fa-check\" aria-hidden =\"true\" ><\/i><\/div> <!-- Story Arrow --><div class=\"ctl-arrow\"><\/div>\r\n\t\t\t<!-- Story Content --><div class=\"ctl-content\"><!-- Story Title --> <div class=\"ctl-title story-10320\" role=\"heading\" aria-level=\"2\"><a target=\"_self\" title=\"Plasenta ponksiyonu (koryon villus biyopsisi)\" href=\"https:\/\/www.praenatalzentrum.wien\/tr\/hizmetlerimiz\/plasental-ponksiyon-koryon-villus-biyopsisi\/\" class=\"story-link\">Plasenta ponksiyonu (koryon villus biyopsisi)<\/a><\/div><!-- Story Description --><div class=\"ctl-description\"><p><a href=\"https:\/\/www.praenatalzentrum.wien\/tr\/hizmetlerimiz\/plasental-ponksiyon-koryon-villus-biyopsisi\/\" target=\"_blank\" rel=\"noopener\"><strong>Gebeli\u011fin 12. haftas\u0131ndan itibaren<\/strong><\/a><\/p>\n<\/div><\/div><\/div><!-- Timeline Content --><div id=\"ctl-story-10319\" class=\"ctl-story ctl-story-icon even ctl-story-left ctl-no-media\" data-story-index=\"8\" role=\"article\"><!-- Story Icon --><div class=\"ctl-icon\"><i class= \"fa fas fa-check\" aria-hidden =\"true\" ><\/i><\/div> <!-- Story Arrow --><div class=\"ctl-arrow\"><\/div>\r\n\t\t\t<!-- Story Content --><div class=\"ctl-content\"><!-- Story Title --> <div class=\"ctl-title story-10319\" role=\"heading\" aria-level=\"2\"><a target=\"_self\" title=\"Amniyotik s\u0131v\u0131 ponksiyonu (amniyosentez)\" href=\"https:\/\/www.praenatalzentrum.wien\/tr\/hizmetlerimiz\/amniyotik-sivi-ponksiyonu-amniyosentez\/\" class=\"story-link\">Amniyotik s\u0131v\u0131 ponksiyonu (amniyosentez)<\/a><\/div><!-- Story Description --><div class=\"ctl-description\"><p><a href=\"https:\/\/www.praenatalzentrum.wien\/tr\/hizmetlerimiz\/amniyotik-sivi-ponksiyonu-amniyosentez\/\" target=\"_blank\" rel=\"noopener\"><strong>Gebeli\u011fin 17. haftas\u0131ndan itibaren<\/strong><\/a><\/p>\n<\/div><\/div><\/div><!-- Timeline Content --><div id=\"ctl-story-10317\" class=\"ctl-story ctl-story-icon odd ctl-story-right ctl-no-media\" data-story-index=\"9\" role=\"article\"><!-- Story Icon --><div class=\"ctl-icon\"><i class= \"fa fas fa-check\" aria-hidden =\"true\" ><\/i><\/div> <!-- Story Arrow --><div class=\"ctl-arrow\"><\/div>\r\n\t\t\t<!-- Story Content --><div class=\"ctl-content\"><!-- Story Title --> <div class=\"ctl-title story-10317\" role=\"heading\" aria-level=\"2\"><a target=\"_self\" title=\"3D\/4D-Ultrason\" href=\"https:\/\/www.praenatalzentrum.wien\/tr\/hizmetlerimiz\/3d-4d-ultrson\/\" class=\"story-link\">3D\/4D-Ultrason<\/a><\/div><!-- Story Description --><div class=\"ctl-description\"><p><a href=\"https:\/\/www.praenatalzentrum.wien\/tr\/hizmetlerimiz\/3d-4d-ultrson\/\" target=\"_blank\" rel=\"noopener\"><strong>Gebeli\u011fin 9. ila 14. haftas\u0131nda + 25. haftas\u0131ndan itibaren<\/strong><\/a><\/p>\n<\/div><\/div><\/div><!-- Timeline Content --><div id=\"ctl-story-10318\" class=\"ctl-story ctl-story-icon even ctl-story-left ctl-no-media\" data-story-index=\"10\" role=\"article\"><!-- Story Icon --><div class=\"ctl-icon\"><i class= \"fa fas fa-check\" aria-hidden =\"true\" ><\/i><\/div> <!-- Story Arrow --><div class=\"ctl-arrow\"><\/div>\r\n\t\t\t<!-- Story Content --><div class=\"ctl-content\"><!-- Story Title --> <div class=\"ctl-title story-10318\" role=\"heading\" aria-level=\"2\"><a target=\"_self\" title=\"Genetik dan\u0131\u015fmanl\u0131k\" href=\"https:\/\/www.praenatalzentrum.wien\/tr\/hizmetlerimiz\/genetik-danismanlik\/\" class=\"story-link\">Genetik dan\u0131\u015fmanl\u0131k<\/a><\/div><!-- Story Description --><div class=\"ctl-description\"><p><strong><a href=\"https:\/\/www.praenatalzentrum.wien\/tr\/hizmetlerimiz\/genetik-danismanlik\/\" target=\"_blank\" rel=\"noopener\">Detaylar<\/a><\/strong><\/p>\n<\/div><\/div><\/div>\t\t\t\t\t<\/div>\r\n\t\t\t\t\t<div class=\"ctl-end\"><\/div>\r\n\t\t\t\t\t\t\t\t\t<\/div>\r\n\t\t\t<\/div>\r\n\t\t\t<\/div><\/div><\/div><\/div><\/div><\/section>\n<\/div><\/div><\/div><\/div><\/div><\/section>\n","protected":false},"excerpt":{"rendered":"Detaylar","protected":false},"author":1,"featured_media":0,"parent":13486,"menu_order":4,"comment_status":"closed","ping_status":"closed","template":"","meta":{"footnotes":""},"class_list":["post-10073","page","type-page","status-publish","hentry"],"yoast_head":"<!-- This site is optimized with the Yoast SEO plugin v27.4 - https:\/\/yoast.com\/product\/yoast-seo-wordpress\/ -->\n<title>Organ taramas\u0131 | Pr\u00e4natalzentrum Wien<\/title>\n<meta name=\"description\" content=\"Das Organscreening nach \u00d6GUM Stufe II in der 21.-24. Schwangerschaftswoche zeigt wie sich die inneren Organe Ihres Babys entwickeln.\" \/>\n<meta name=\"robots\" content=\"index, follow, max-snippet:-1, max-image-preview:large, max-video-preview:-1\" \/>\n<link rel=\"canonical\" href=\"https:\/\/www.praenatalzentrum.wien\/tr\/ultrason\/tarama-22-organ-taramasi\/\" \/>\n<meta property=\"og:locale\" content=\"tr_TR\" \/>\n<meta property=\"og:type\" content=\"article\" \/>\n<meta property=\"og:title\" content=\"Organ taramas\u0131 | Pr\u00e4natalzentrum Wien\" \/>\n<meta property=\"og:description\" content=\"Das Organscreening nach \u00d6GUM Stufe II in der 21.-24. Schwangerschaftswoche zeigt wie sich die inneren Organe Ihres Babys entwickeln.\" \/>\n<meta property=\"og:url\" content=\"https:\/\/www.praenatalzentrum.wien\/tr\/ultrason\/tarama-22-organ-taramasi\/\" \/>\n<meta property=\"og:site_name\" content=\"Pr\u00e4natalzentrum an der Wien\" \/>\n<meta property=\"article:modified_time\" content=\"2022-08-28T17:13:34+00:00\" \/>\n<meta property=\"og:image\" content=\"https:\/\/www.praenatalzentrum.wien\/wp-content\/uploads\/2021\/05\/praenatalzentrum-an-der-wien-slider-maedchen-1.jpg\" \/>\n\t<meta property=\"og:image:width\" content=\"1200\" \/>\n\t<meta property=\"og:image:height\" content=\"620\" \/>\n\t<meta property=\"og:image:type\" content=\"image\/jpeg\" \/>\n<meta name=\"twitter:card\" content=\"summary_large_image\" \/>\n<meta name=\"twitter:label1\" content=\"Tahmini okuma s\u00fcresi\" \/>\n\t<meta name=\"twitter:data1\" content=\"2 dakika\" \/>\n<script type=\"application\/ld+json\" class=\"yoast-schema-graph\">{\"@context\":\"https:\\\/\\\/schema.org\",\"@graph\":[{\"@type\":\"WebPage\",\"@id\":\"https:\\\/\\\/www.praenatalzentrum.wien\\\/tr\\\/ultrason\\\/tarama-22-organ-taramasi\\\/\",\"url\":\"https:\\\/\\\/www.praenatalzentrum.wien\\\/tr\\\/ultrason\\\/tarama-22-organ-taramasi\\\/\",\"name\":\"Organ taramas\u0131 | Pr\u00e4natalzentrum Wien\",\"isPartOf\":{\"@id\":\"https:\\\/\\\/www.praenatalzentrum.wien\\\/tr\\\/#website\"},\"datePublished\":\"2021-06-14T11:57:30+00:00\",\"dateModified\":\"2022-08-28T17:13:34+00:00\",\"description\":\"Das Organscreening nach \u00d6GUM Stufe II in der 21.-24. Schwangerschaftswoche zeigt wie sich die inneren Organe Ihres Babys entwickeln.\",\"breadcrumb\":{\"@id\":\"https:\\\/\\\/www.praenatalzentrum.wien\\\/tr\\\/ultrason\\\/tarama-22-organ-taramasi\\\/#breadcrumb\"},\"inLanguage\":\"tr\",\"potentialAction\":[{\"@type\":\"ReadAction\",\"target\":[\"https:\\\/\\\/www.praenatalzentrum.wien\\\/tr\\\/ultrason\\\/tarama-22-organ-taramasi\\\/\"]}]},{\"@type\":\"BreadcrumbList\",\"@id\":\"https:\\\/\\\/www.praenatalzentrum.wien\\\/tr\\\/ultrason\\\/tarama-22-organ-taramasi\\\/#breadcrumb\",\"itemListElement\":[{\"@type\":\"ListItem\",\"position\":1,\"name\":\"Startseite\",\"item\":\"https:\\\/\\\/www.praenatalzentrum.wien\\\/tr\\\/\"},{\"@type\":\"ListItem\",\"position\":2,\"name\":\"Hizmetlerimiz\",\"item\":\"https:\\\/\\\/www.praenatalzentrum.wien\\\/tr\\\/hizmetlerimiz\\\/\"},{\"@type\":\"ListItem\",\"position\":3,\"name\":\"Tarama 22 \u2013 Organ taramas\u0131\"}]},{\"@type\":\"WebSite\",\"@id\":\"https:\\\/\\\/www.praenatalzentrum.wien\\\/tr\\\/#website\",\"url\":\"https:\\\/\\\/www.praenatalzentrum.wien\\\/tr\\\/\",\"name\":\"Pr\u00e4natalzentrum an der Wien\",\"description\":\"Pr\u00e4nataldiagnostik\",\"publisher\":{\"@id\":\"https:\\\/\\\/www.praenatalzentrum.wien\\\/tr\\\/#organization\"},\"potentialAction\":[{\"@type\":\"SearchAction\",\"target\":{\"@type\":\"EntryPoint\",\"urlTemplate\":\"https:\\\/\\\/www.praenatalzentrum.wien\\\/tr\\\/?s={search_term_string}\"},\"query-input\":{\"@type\":\"PropertyValueSpecification\",\"valueRequired\":true,\"valueName\":\"search_term_string\"}}],\"inLanguage\":\"tr\"},{\"@type\":\"Organization\",\"@id\":\"https:\\\/\\\/www.praenatalzentrum.wien\\\/tr\\\/#organization\",\"name\":\"Pr\u00e4natalzentrum an der Wien\",\"url\":\"https:\\\/\\\/www.praenatalzentrum.wien\\\/tr\\\/\",\"logo\":{\"@type\":\"ImageObject\",\"inLanguage\":\"tr\",\"@id\":\"https:\\\/\\\/www.praenatalzentrum.wien\\\/tr\\\/#\\\/schema\\\/logo\\\/image\\\/\",\"url\":\"https:\\\/\\\/www.praenatalzentrum.wien\\\/wp-content\\\/uploads\\\/2020\\\/11\\\/Praenatalzentrum-Wien_Logo.png\",\"contentUrl\":\"https:\\\/\\\/www.praenatalzentrum.wien\\\/wp-content\\\/uploads\\\/2020\\\/11\\\/Praenatalzentrum-Wien_Logo.png\",\"width\":476,\"height\":100,\"caption\":\"Pr\u00e4natalzentrum an der Wien\"},\"image\":{\"@id\":\"https:\\\/\\\/www.praenatalzentrum.wien\\\/tr\\\/#\\\/schema\\\/logo\\\/image\\\/\"}}]}<\/script>\n<!-- \/ Yoast SEO plugin. -->","yoast_head_json":{"title":"Organ taramas\u0131 | Pr\u00e4natalzentrum Wien","description":"Das Organscreening nach \u00d6GUM Stufe II in der 21.-24. Schwangerschaftswoche zeigt wie sich die inneren Organe Ihres Babys entwickeln.","robots":{"index":"index","follow":"follow","max-snippet":"max-snippet:-1","max-image-preview":"max-image-preview:large","max-video-preview":"max-video-preview:-1"},"canonical":"https:\/\/www.praenatalzentrum.wien\/tr\/ultrason\/tarama-22-organ-taramasi\/","og_locale":"tr_TR","og_type":"article","og_title":"Organ taramas\u0131 | Pr\u00e4natalzentrum Wien","og_description":"Das Organscreening nach \u00d6GUM Stufe II in der 21.-24. Schwangerschaftswoche zeigt wie sich die inneren Organe Ihres Babys entwickeln.","og_url":"https:\/\/www.praenatalzentrum.wien\/tr\/ultrason\/tarama-22-organ-taramasi\/","og_site_name":"Pr\u00e4natalzentrum an der Wien","article_modified_time":"2022-08-28T17:13:34+00:00","og_image":[{"width":1200,"height":620,"url":"https:\/\/www.praenatalzentrum.wien\/wp-content\/uploads\/2021\/05\/praenatalzentrum-an-der-wien-slider-maedchen-1.jpg","type":"image\/jpeg"}],"twitter_card":"summary_large_image","twitter_misc":{"Tahmini okuma s\u00fcresi":"2 dakika"},"schema":{"@context":"https:\/\/schema.org","@graph":[{"@type":"WebPage","@id":"https:\/\/www.praenatalzentrum.wien\/tr\/ultrason\/tarama-22-organ-taramasi\/","url":"https:\/\/www.praenatalzentrum.wien\/tr\/ultrason\/tarama-22-organ-taramasi\/","name":"Organ taramas\u0131 | Pr\u00e4natalzentrum Wien","isPartOf":{"@id":"https:\/\/www.praenatalzentrum.wien\/tr\/#website"},"datePublished":"2021-06-14T11:57:30+00:00","dateModified":"2022-08-28T17:13:34+00:00","description":"Das Organscreening nach \u00d6GUM Stufe II in der 21.-24. Schwangerschaftswoche zeigt wie sich die inneren Organe Ihres Babys entwickeln.","breadcrumb":{"@id":"https:\/\/www.praenatalzentrum.wien\/tr\/ultrason\/tarama-22-organ-taramasi\/#breadcrumb"},"inLanguage":"tr","potentialAction":[{"@type":"ReadAction","target":["https:\/\/www.praenatalzentrum.wien\/tr\/ultrason\/tarama-22-organ-taramasi\/"]}]},{"@type":"BreadcrumbList","@id":"https:\/\/www.praenatalzentrum.wien\/tr\/ultrason\/tarama-22-organ-taramasi\/#breadcrumb","itemListElement":[{"@type":"ListItem","position":1,"name":"Startseite","item":"https:\/\/www.praenatalzentrum.wien\/tr\/"},{"@type":"ListItem","position":2,"name":"Hizmetlerimiz","item":"https:\/\/www.praenatalzentrum.wien\/tr\/hizmetlerimiz\/"},{"@type":"ListItem","position":3,"name":"Tarama 22 \u2013 Organ taramas\u0131"}]},{"@type":"WebSite","@id":"https:\/\/www.praenatalzentrum.wien\/tr\/#website","url":"https:\/\/www.praenatalzentrum.wien\/tr\/","name":"Pr\u00e4natalzentrum an der Wien","description":"Pr\u00e4nataldiagnostik","publisher":{"@id":"https:\/\/www.praenatalzentrum.wien\/tr\/#organization"},"potentialAction":[{"@type":"SearchAction","target":{"@type":"EntryPoint","urlTemplate":"https:\/\/www.praenatalzentrum.wien\/tr\/?s={search_term_string}"},"query-input":{"@type":"PropertyValueSpecification","valueRequired":true,"valueName":"search_term_string"}}],"inLanguage":"tr"},{"@type":"Organization","@id":"https:\/\/www.praenatalzentrum.wien\/tr\/#organization","name":"Pr\u00e4natalzentrum an der Wien","url":"https:\/\/www.praenatalzentrum.wien\/tr\/","logo":{"@type":"ImageObject","inLanguage":"tr","@id":"https:\/\/www.praenatalzentrum.wien\/tr\/#\/schema\/logo\/image\/","url":"https:\/\/www.praenatalzentrum.wien\/wp-content\/uploads\/2020\/11\/Praenatalzentrum-Wien_Logo.png","contentUrl":"https:\/\/www.praenatalzentrum.wien\/wp-content\/uploads\/2020\/11\/Praenatalzentrum-Wien_Logo.png","width":476,"height":100,"caption":"Pr\u00e4natalzentrum an der Wien"},"image":{"@id":"https:\/\/www.praenatalzentrum.wien\/tr\/#\/schema\/logo\/image\/"}}]}},"_links":{"self":[{"href":"https:\/\/www.praenatalzentrum.wien\/tr\/wp-json\/wp\/v2\/pages\/10073","targetHints":{"allow":["GET"]}}],"collection":[{"href":"https:\/\/www.praenatalzentrum.wien\/tr\/wp-json\/wp\/v2\/pages"}],"about":[{"href":"https:\/\/www.praenatalzentrum.wien\/tr\/wp-json\/wp\/v2\/types\/page"}],"author":[{"embeddable":true,"href":"https:\/\/www.praenatalzentrum.wien\/tr\/wp-json\/wp\/v2\/users\/1"}],"replies":[{"embeddable":true,"href":"https:\/\/www.praenatalzentrum.wien\/tr\/wp-json\/wp\/v2\/comments?post=10073"}],"version-history":[{"count":13,"href":"https:\/\/www.praenatalzentrum.wien\/tr\/wp-json\/wp\/v2\/pages\/10073\/revisions"}],"predecessor-version":[{"id":12916,"href":"https:\/\/www.praenatalzentrum.wien\/tr\/wp-json\/wp\/v2\/pages\/10073\/revisions\/12916"}],"up":[{"embeddable":true,"href":"https:\/\/www.praenatalzentrum.wien\/tr\/wp-json\/wp\/v2\/pages\/13486"}],"wp:attachment":[{"href":"https:\/\/www.praenatalzentrum.wien\/tr\/wp-json\/wp\/v2\/media?parent=10073"}],"curies":[{"name":"wp","href":"https:\/\/api.w.org\/{rel}","templated":true}]}}