{"id":12983,"date":"2022-09-06T10:04:41","date_gmt":"2022-09-06T08:04:41","guid":{"rendered":"https:\/\/www.praenatalzentrum.wien\/szolgaltatasaink\/nem-invaziv-prenatalis-teszt-nipt\/nipt-extended\/"},"modified":"2023-10-05T14:46:57","modified_gmt":"2023-10-05T12:46:57","slug":"nipt-extended","status":"publish","type":"page","link":"https:\/\/www.praenatalzentrum.wien\/hu\/nem-invaziv-prenatalis-teszt-nipt\/nipt-extended\/","title":{"rendered":"NIPT Extended"},"content":{"rendered":"<section class=\"l-section wpb_row us_custom_f56ff0dc has_text_color height_custom\"><div class=\"l-section-overlay\" style=\"background:#f6c3b5\"><\/div><div class=\"l-section-h i-cf\"><div class=\"g-cols vc_row via_flex valign_top type_default stacking_default\"><div class=\"vc_col-sm-6 wpb_column vc_column_container\"><div class=\"vc_column-inner\"><div class=\"wpb_wrapper\"><div class=\"wpb_text_column\"><div class=\"wpb_wrapper\"><h1>NIPT Extended<\/h1>\n<\/div><\/div><div class=\"wpb_text_column\"><div class=\"wpb_wrapper\"><div class=\"h4commons\">Nem invaz\u00edv prenat\u00e1lis teszt (NIPT)<\/div>\n<div><\/div>\n<div class=\"h4commons\">a 11. terhess\u00e9gi h\u00e9tt\u0151l<\/div>\n<p><span class=\"h6style\">C\u00e9lja:<\/span><\/p>\n<ul>\n<li>Teljes m\u00e9rt\u00e9kben kock\u00e1zatmentes kromosz\u00f3ma-rendelleness\u00e9g vizsg\u00e1lat (13-as, 18-as \u00e9s 21-es trisz\u00f3mia) a terhess\u00e9g lehet\u0151 legkor\u00e1bbi id\u0151pontj\u00e1ban<\/li>\n<li>A nemi kromosz\u00f3m\u00e1k (pl. Turner-szindr\u00f3ma) \u00e9s a mikrodel\u00e9ci\u00f3k tov\u00e1bbi vizsg\u00e1lata<\/li>\n<\/ul>\n<\/div><\/div><\/div><\/div><\/div><div class=\"vc_col-sm-6 wpb_column vc_column_container\"><div class=\"vc_column-inner\"><div class=\"wpb_wrapper\"><div class=\"w-image zoombild align_center\"><div class=\"w-image-h\"><img decoding=\"async\" width=\"570\" height=\"380\" src=\"https:\/\/www.praenatalzentrum.wien\/wp-content\/uploads\/2022\/08\/praenatalzentrum-wien-untersuchungen-nipt.jpg\" class=\"attachment-full size-full\" alt=\"Nicht Invasiver Pr\u00e4natal-Test (NIPT) \u2013 risikofreie Untersuchung Chromosomenanomalien, Geschlechtschromosome, monogene Erkrankungen, Rhesusfaktor\" loading=\"lazy\" srcset=\"https:\/\/www.praenatalzentrum.wien\/wp-content\/uploads\/2022\/08\/praenatalzentrum-wien-untersuchungen-nipt.jpg 570w, https:\/\/www.praenatalzentrum.wien\/wp-content\/uploads\/2022\/08\/praenatalzentrum-wien-untersuchungen-nipt-300x200.jpg 300w\" sizes=\"auto, (max-width: 570px) 100vw, 570px\" \/><\/div><\/div><\/div><\/div><\/div><\/div><\/div><\/section><section class=\"l-section wpb_row height_custom\"><div class=\"l-section-h i-cf\"><div class=\"g-cols vc_row via_flex valign_top type_default stacking_default\"><div class=\"vc_col-sm-8 wpb_column vc_column_container\"><div class=\"vc_column-inner\"><div class=\"wpb_wrapper\"><div class=\"wpb_text_column\"><div class=\"wpb_wrapper\"><p>A nem invaz\u00edv prenat\u00e1lis teszthez (NIPT) csak egy <strong>egyszer\u0171 v\u00e9rv\u00e9telre<\/strong> van sz\u00fcks\u00e9g. Az anya \u00e9s a gyermek sz\u00e1m\u00e1ra is <strong>kock\u00e1zatmentes alternat\u00edv\u00e1ja a <a href=\"https:\/\/www.praenatalzentrum.wien\/hu\/szolgaltatasaink\/mehlepeny-vizsgalat-chorion-boholy-biopszia-cvs\/\" target=\"_blank\" rel=\"noopener\">m\u00e9hlep\u00e9ny<\/a>&#8211; \u00e9s <a href=\"https:\/\/www.praenatalzentrum.wien\/hu\/szolgaltatasaink\/magzatviz-vizsgalat-amniocentezis-ac\/\" target=\"_blank\" rel=\"noopener\">magzatv\u00edzvizsg\u00e1latnak<\/a>.<\/strong><\/p>\n<p>A NIPT eset\u00e9n az anya v\u00e9r\u00e9t vizsg\u00e1lj\u00e1k, amelyben megtal\u00e1lhat\u00f3 a baba DNS-e. A magzati genom ezen t\u00f6red\u00e9k\u00e9nek vizsg\u00e1lat\u00e1val a\u00a0<strong>genetikai m\u00f3dosul\u00e1s kock\u00e1zat\u00e1t<\/strong>\u00a0lehet vizsg\u00e1lni a m\u00e9g meg nem sz\u00fcletett gyermekek eset\u00e9n. A\u00a0<strong>t\u00f6bb, mint 99 sz\u00e1zal\u00e9kos<\/strong> megb\u00edzhat\u00f3s\u00e1g\u00fa eredm\u00e9nyek arr\u00f3l ny\u00fajtanak inform\u00e1ci\u00f3t, hogy fenn\u00e1ll-e a Down-szindr\u00f3ma (21-es trisz\u00f3mia). A 13-as trisz\u00f3mi\u00e1t (Patau-szindr\u00f3ma) illet\u0151en a felfedez\u00e9si ar\u00e1ny 92 sz\u00e1zal\u00e9k, a 18-as trisz\u00f3mi\u00e1t (Edwards-szindr\u00f3ma) pedig 96 sz\u00e1zal\u00e9k. A NIPT magas precizit\u00e1sa jelent\u0151sen cs\u00f6kkenti annak a val\u00f3sz\u00edn\u0171s\u00e9g\u00e9t, hogy egy hamis pozit\u00edv eredm\u00e9ny miatt tov\u00e1bbi vizsg\u00e1latot kelljen v\u00e9gezni invaz\u00edv elj\u00e1r\u00e1sok \u00e1ltal. A hamis-pozit\u00edv ar\u00e1ny kevesebb, mint 0,1 sz\u00e1zal\u00e9k.<\/p>\n<p>A\u00a0<strong>NIPT Extended<\/strong> a 21-es, 18-as, 13-as trisz\u00f3mi\u00e1k, triploidia, a nemi kromosz\u00f3m\u00e1k rendelleness\u00e9gei (Turner, Klinefelter, dupla Y, Triplo-X) \u00e9s \u00f6t mikrodel\u00e9ci\u00f3 (22q11, 1p36, Cri-du-Chat, Angelman, Prader-Willi) kimutat\u00e1s\u00e1ra szolg\u00e1l. A hamis-pozit\u00edv ar\u00e1nyok \u00e9s felismer\u00e9si ar\u00e1nyok a vizsg\u00e1lt betegs\u00e9gt\u0151l f\u00fcggenek.<\/p>\n<p><strong>A NIPT-et els\u0151 trimeszteres ultrahangvizsg\u00e1lattal \u00e9s preeklampszia-sz\u0171r\u00e9ssel egy\u00fctt aj\u00e1nljuk. <\/strong>Ezzel a korai sz\u0171r\u0151vizsg\u00e1lattal felismerhet\u0151 \u00e9s kiz\u00e1rhat\u00f3 ak\u00e1r 65 sz\u00e1zal\u00e9ka az olyan fejl\u0151d\u00e9si rendelleness\u00e9gek, amelyeknek nincsenek k\u00f6zvetlen genetikai okai. Ezek a NIPT-tel nem kimutathat\u00f3k.<\/p>\n<p>A nem invaz\u00edv prenat\u00e1lis tesztet 2-r\u00e9szes vizsg\u00e1latk\u00e9nt is lehet k\u00e9rni. M\u00e1r a<strong>\u00a011. terhess\u00e9gi h\u00e9tt\u0151l<\/strong>\u00a0is elv\u00e9gezhet\u0151, \u00edgy a sz\u00fcl\u0151k\u00a0<strong>kor\u00e1bban tudom\u00e1st szereznek<\/strong>. Ha a NIPT-re kor\u00e1bban ker\u00fcl sor (11. terhess\u00e9gi h\u00e9t), azt javasoljuk, hogy v\u00e9gezz\u00e9k el az els\u0151 trimeszteres ultrahangvizsg\u00e1latot \u00e9s preeklampszia-sz\u0171r\u00e9st is a 12.\u201314. terhess\u00e9gi h\u00e9tben.<\/p>\n<ul>\n<li>A vizsg\u00e1lat eredm\u00e9nye kb. 14 munkanap ut\u00e1n v\u00e1rhat\u00f3.<\/li>\n<\/ul>\n<\/div><\/div><\/div><\/div><\/div><div class=\"vc_col-sm-4 wpb_column vc_column_container\"><div class=\"vc_column-inner\"><div class=\"wpb_wrapper\"><section class=\"l-section wpb_row us_custom_278d8c57 height_custom width_full\"><div class=\"l-section-h i-cf\"><div class=\"g-cols vc_row via_flex valign_top type_default stacking_default\"><div class=\"vc_col-sm-12 wpb_column vc_column_container\"><div class=\"vc_column-inner\"><div class=\"wpb_wrapper\"><div class=\"w-btn-wrapper align_justify\"><a class=\"w-btn us-btn-style_1\" title=\"Id\u0151pontfoglal\u00e1s telefonon\" href=\"tel:+4313887080\"><span class=\"w-btn-label\">Id\u0151pontfoglal\u00e1s telefonon<\/span><\/a><\/div><div class=\"w-separator size_small\"><\/div><div class=\"w-popup w-btn-wrapper align_none\"><button type=\"button\" aria-label=\"Hasznos inform\u00e1ci\u00f3k\" class=\"w-popup-trigger type_btn w-btn us-btn-style_25 icon_atleft\"><i class=\"fas fa-info\"><\/i><span class=\"w-btn-label\">Hasznos inform\u00e1ci\u00f3k<\/span><\/button><div class=\"w-popup-overlay\" style=\"background:rgba(0,0,0,0.5);\"><\/div><div class=\"w-popup-wrap layout_default\" role=\"dialog\" aria-modal=\"true\" aria-label=\"Hasznos inform\u00e1ci\u00f3k\" style=\"--title-color:var(--color-content-heading);--title-bg-color:var(--color-content-bg-alt);--content-color:var(--color-content-text);--content-bg-color:var(--color-content-bg);--popup-width:85%;--popup-padding:5%;\"><button aria-label=\"Bez\u00e1r\u00e1s\" class=\"w-popup-closer\" type=\"button\"><\/button><div class=\"w-popup-box animation_fadeIn closerpos_outside with_title\"><div class=\"w-popup-box-h\"><div class=\"w-popup-box-title\">Hasznos inform\u00e1ci\u00f3k<\/div><div class=\"w-popup-box-content\"><p><span class=\"h4style\">Sz\u00e1ml\u00e1z\u00e1si \u00e9s fizet\u00e9si m\u00f3dok<\/span><\/p>\n<p>A vizsg\u00e1latok ut\u00e1n sz\u00e1ml\u00e1t \u00e1ll\u00edtunk ki \u00d6nnek. K\u00e9nyelmesen <strong>fizethet bank- \u00e9s hitelk\u00e1rty\u00e1val<\/strong>.<\/p>\n<p>&nbsp;<\/p>\n<p><span class=\"h4style\">Az ultrahang felv\u00e9telek digit\u00e1lisan azonnal a rendelkez\u00e9s\u00e9re \u00e1llnak<\/span><\/p>\n<p>Egy speci\u00e1lis sz\u00e1m\u00edt\u00f3g\u00e9pes program egy biztons\u00e1gos link seg\u00edts\u00e9g\u00e9vel lehet\u0151v\u00e9 teszi az ultrahang k\u00e9pek \u00e9s vide\u00f3felv\u00e9telek tov\u00e1bb\u00edt\u00e1s\u00e1t az \u00d6n \u00e1ltal megadott mobiltelefonsz\u00e1mra vagy e-mail c\u00edmre. A felv\u00e9telek teh\u00e1t \u2013 ig\u00e9ny szerint \u2013 okostelefonon azonnal megtekinthet\u0151k.<\/p>\n<p>&nbsp;<\/p>\n<p><span class=\"h4style\">Tudnival\u00f3k ikerterhess\u00e9g eset\u00e9n<\/span><\/p>\n<p>Noha az ikerterhess\u00e9gek t\u00f6bbnyire komolyabb komplik\u00e1ci\u00f3k n\u00e9lku\u0308l zajlanak, orvosi szempontb\u00f3l m\u00e9gis magas kock\u00e1zat\u00fa terhess\u00e9gnek min\u0151su\u0308lnek. Az al\u00e1bbiakban tippeket ny\u00fajtunk ikrekkel v\u00e1rand\u00f3s any\u00e1k sz\u00e1m\u00e1ra, \u00e9s <a href=\"https:\/\/www.praenatalzentrum.wien\/hu\/urlapok\/\">inform\u00e1lunk<\/a> az esetleges kock\u00e1zatokr\u00f3l.<\/p>\n<p>&nbsp;<\/p>\n<p><span class=\"h4style\">Adatlapok \u00e9s inform\u00e1ci\u00f3s nyomtatv\u00e1nyok<\/span><\/p>\n<p>Az adatlapokat \u00e9s inform\u00e1ci\u00f3s nyomtatv\u00e1nyokat <a href=\"https:\/\/www.praenatalzentrum.wien\/hu\/urlapok\/\">itt<\/a> let\u00f6ltheti.<\/p>\n<\/div><\/div><\/div><\/div><\/div><div class=\"w-separator size_small\"><\/div><div class=\"w-btn-wrapper align_justify\"><a class=\"w-btn us-btn-style_25 icon_atleft\" title=\"Online id\u0151pontfoglal\u00e1s\" href=\"https:\/\/www.praenatalzentrum.wien\/hu\/koeltsegek\/\"><i class=\"fas fa-euro-sign\"><\/i><span class=\"w-btn-label\">K\u00f6lts\u00e9gek<\/span><\/a><\/div><div class=\"w-separator size_small\"><\/div><div class=\"w-btn-wrapper align_justify\"><a class=\"w-btn us-btn-style_25 icon_atleft\" title=\"Online id\u0151pontfoglal\u00e1s\" href=\"https:\/\/www.praenatalzentrum.wien\/hu\/urlapok\/\"><i class=\"fas fa-file-contract\"><\/i><span class=\"w-btn-label\">\u0170rlapok<\/span><\/a><\/div><\/div><\/div><\/div><\/div><\/div><\/section>\n<div class=\"w-separator size_small\"><\/div><div class=\"wpb_text_column\"><div class=\"wpb_wrapper\"><\/div><\/div><\/div><\/div><\/div><\/div><\/div><\/section><section class=\"l-section wpb_row height_custom color_alternate with_img\"><div class=\"l-section-img\" role=\"img\" aria-label=\"Kachel \u2013 Hintergrund gr\u00fcn, Pr\u00e4natalzentrum an der Wien\" data-img-width=\"350\" data-img-height=\"28\" style=\"background-image: url(https:\/\/www.praenatalzentrum.wien\/wp-content\/uploads\/2020\/12\/kachel-salbei-350.png);background-size: auto;\"><\/div><div class=\"l-section-overlay\" style=\"background:rgba(255,255,255,0.4)\"><\/div><div class=\"l-section-h i-cf\"><div class=\"g-cols vc_row via_flex valign_top type_default stacking_default\"><div class=\"vc_col-sm-12 wpb_column vc_column_container\"><div class=\"vc_column-inner\"><div class=\"wpb_wrapper\"><div class=\"wpb_text_column\"><div class=\"wpb_wrapper\"><p style=\"text-align: center;\"><span class=\"h4stylegreen\">K\u00e9rj\u00fck, vegye fel vel\u00fcnk a kapcsolatot!<\/span><\/p>\n<\/div><\/div><div class=\"w-separator size_small\"><\/div><div class=\"g-cols wpb_row via_flex valign_top type_default stacking_default\"><div class=\"vc_col-sm-2 wpb_column vc_column_container\"><div class=\"vc_column-inner\"><div class=\"wpb_wrapper\"><\/div><\/div><\/div><div class=\"vc_col-sm-4 wpb_column vc_column_container\"><div class=\"vc_column-inner\"><div class=\"wpb_wrapper\"><div class=\"w-btn-wrapper align_justify\"><a class=\"w-btn us-btn-style_17 icon_atleft\" title=\"Telefonsz\u00e1m: +43 1 388 70 80\" target=\"_blank\" rel=\"nofollow\" href=\"tel:+4313887080\"><i class=\"fas fa-phone\"><\/i><span class=\"w-btn-label\">Telefonsz\u00e1m<\/span><\/a><\/div><\/div><\/div><\/div><div class=\"vc_col-sm-4 wpb_column vc_column_container\"><div class=\"vc_column-inner\"><div class=\"wpb_wrapper\"><div class=\"w-btn-wrapper align_justify\"><a class=\"w-btn us-btn-style_17 icon_atleft\" title=\"E-Mail : office@praenatalzentrum.wien\" target=\"_blank\" rel=\"nofollow\" href=\"mailto:office@praenatalzentrum.wien\"><i class=\"fas fa-envelope\"><\/i><span class=\"w-btn-label\">E-mail<\/span><\/a><\/div><\/div><\/div><\/div><div class=\"vc_col-sm-2 wpb_column vc_column_container\"><div class=\"vc_column-inner\"><div class=\"wpb_wrapper\"><\/div><\/div><\/div><\/div><\/div><\/div><\/div><\/div><\/div><\/section><section class=\"l-section wpb_row height_custom\"><div class=\"l-section-h i-cf\"><div class=\"g-cols vc_row via_flex valign_top type_default stacking_default\"><div class=\"vc_col-sm-12 wpb_column vc_column_container\"><div class=\"vc_column-inner\"><div class=\"wpb_wrapper\"><section class=\"l-section wpb_row us_custom_278d8c57 height_custom\"><div class=\"l-section-h i-cf\"><div class=\"g-cols vc_row via_flex valign_top type_default stacking_default\"><div class=\"vc_col-sm-12 wpb_column vc_column_container\"><div class=\"vc_column-inner\"><div class=\"wpb_wrapper\"><div class=\"wpb_text_column\"><div class=\"wpb_wrapper\"><h2 style=\"text-align: center;\">SZOLG\u00c1LTAT\u00c1SAINK<\/h2>\n<\/div><\/div>\t\t\t<!-- Cool Timeline PRO V4.9 -->\r\n\t\t\t<div class=\"ctl-wrapper\" role=\"region\" aria-label=\"Timeline\">\r\n\t\t\t\t\t\t\t\t<div id=\"cool_timeline_1\" class=\"cool-timeline-wrapper ctl-both-sided ctl-vertical-wrapper ctl-default\" data-nav=\"show\" data-line-filling=\"false\" data-nav-pos=\"right\" data-nav-style=\"style-1\">\r\n\t\t\t\t\t<div class=\"ctl-start\"><\/div>\r\n\t\t\t\t\t<!-- Timeline Container -->\r\n\t\t\t\t\t<div class=\"ctl-timeline ctl-timeline-container\" data-animation=\"zoom-in\" aria-live=\"polite\">\r\n\t\t\t\t\t\t<!-- Center Line -->\r\n\t\t\t\t\t\t<div class=\"ctl-inner-line\" role=\"presentation\"><\/div>\r\n\t\t\t\t\t\t<!-- Timeline Content --><div id=\"ctl-story-10636\" class=\"ctl-story ctl-story-icon odd ctl-story-right ctl-no-media\" data-story-index=\"1\" role=\"article\"><!-- Story Icon --><div class=\"ctl-icon\"><i class= \"fa fas fa-check\" aria-hidden =\"true\" ><\/i><\/div> <!-- Story Arrow --><div class=\"ctl-arrow\"><\/div>\r\n\t\t\t<!-- Story Content --><div class=\"ctl-content\"><!-- Story Title --> <div class=\"ctl-title story-10636\" role=\"heading\" aria-level=\"2\"><a target=\"_self\" title=\"Korai ultrahang vizsg\u00e1lat\" href=\"https:\/\/www.praenatalzentrum.wien\/hu\/szolgaltatasaink\/korai-ultrahang-vizsgalat\/\" class=\"story-link\">Korai ultrahang vizsg\u00e1lat<\/a><\/div><!-- Story Description --><div class=\"ctl-description\"><p><a href=\"https:\/\/www.praenatalzentrum.wien\/hu\/szolgaltatasaink\/korai-ultrahang-vizsgalat\/\" target=\"_blank\" rel=\"noopener\"><strong>a 12. terhess\u00e9gi h\u00e9t el\u0151tt<\/strong><\/a><\/p>\n<\/div><\/div><\/div><!-- Timeline Content --><div id=\"ctl-story-10635\" class=\"ctl-story ctl-story-icon even ctl-story-left ctl-no-media\" data-story-index=\"2\" role=\"article\"><!-- Story Icon --><div class=\"ctl-icon\"><i class= \"fa fas fa-check\" aria-hidden =\"true\" ><\/i><\/div> <!-- Story Arrow --><div class=\"ctl-arrow\"><\/div>\r\n\t\t\t<!-- Story Content --><div class=\"ctl-content\"><!-- Story Title --> <div class=\"ctl-title story-10635\" role=\"heading\" aria-level=\"2\"><a target=\"_self\" title=\"12 hetes ultrahang vizsg\u00e1lat \u2013 Kiterjesztett kombin\u00e1lt teszt\" href=\"https:\/\/www.praenatalzentrum.wien\/hu\/szolgaltatasaink\/12-hetes-ultrahang-vizsgalat-kiterjesztett-kombinalt-teszt\/\" class=\"story-link\">12 hetes ultrahang vizsg\u00e1lat \u2013 Kiterjesztett kombin\u00e1lt teszt<\/a><\/div><!-- Story Description --><div class=\"ctl-description\"><p><a href=\"https:\/\/www.praenatalzentrum.wien\/hu\/szolgaltatasaink\/12-hetes-ultrahang-vizsgalat-kiterjesztett-kombinalt-teszt\/\" target=\"_blank\" rel=\"noopener\"><strong>a 12 \u2013 14. terhess\u00e9gi h\u00e9ten<\/strong><\/a><\/p>\n<\/div><\/div><\/div><!-- Timeline Content --><div id=\"ctl-story-10634\" class=\"ctl-story ctl-story-icon odd ctl-story-right ctl-no-media\" data-story-index=\"3\" role=\"article\"><!-- Story Icon --><div class=\"ctl-icon\"><i class= \"fa fas fa-check\" aria-hidden =\"true\" ><\/i><\/div> <!-- Story Arrow --><div class=\"ctl-arrow\"><\/div>\r\n\t\t\t<!-- Story Content --><div class=\"ctl-content\"><!-- Story Title --> <div class=\"ctl-title story-10634\" role=\"heading\" aria-level=\"2\"><a target=\"_self\" title=\"Nem invaz\u00edv prenat\u00e1lis teszt (NIPT)\" href=\"https:\/\/www.praenatalzentrum.wien\/hu\/nem-invaziv-prenatalis-teszt-nipt\/nipt-classic\/\" class=\"story-link\">Nem invaz\u00edv prenat\u00e1lis teszt (NIPT)<\/a><\/div><!-- Story Description --><div class=\"ctl-description\"><p><a href=\"https:\/\/www.praenatalzentrum.wien\/hu\/nem-invaziv-prenatalis-teszt-nipt\/nipt-classic\/\" target=\"_blank\" rel=\"noopener\"><strong>a 11. terhess\u00e9gi h\u00e9tt\u0151l<\/strong><\/a><\/p>\n<\/div><\/div><\/div><!-- Timeline Content --><div id=\"ctl-story-15789\" class=\"ctl-story ctl-story-icon even ctl-story-left ctl-no-media\" data-story-index=\"4\" role=\"article\"><!-- Story Icon --><div class=\"ctl-icon\"><i class= \"fa fas fa-check\" aria-hidden =\"true\" ><\/i><\/div> <!-- Story Arrow --><div class=\"ctl-arrow\"><\/div>\r\n\t\t\t<!-- Story Content --><div class=\"ctl-content\"><!-- Story Title --> <div class=\"ctl-title story-15789\" role=\"heading\" aria-level=\"2\"><a target=\"_self\" title=\"Sz\u00fcl\u00e9szn\u0151i tan\u00e1csad\u00e1s\" href=\"https:\/\/www.praenatalzentrum.wien\/hu\/szuelesznoi-tanacsadas\/\" class=\"story-link\">Sz\u00fcl\u00e9szn\u0151i tan\u00e1csad\u00e1s<\/a><\/div><!-- Story Description --><div class=\"ctl-description\"><p><strong><a href=\"https:\/\/www.praenatalzentrum.wien\/hu\/szuelesznoi-tanacsadas\/\" target=\"_blank\" rel=\"noopener\">R\u00e9szletek<\/a><\/strong><\/p>\n<\/div><\/div><\/div><!-- Timeline Content --><div id=\"ctl-story-10633\" class=\"ctl-story ctl-story-icon odd ctl-story-right ctl-no-media\" data-story-index=\"5\" role=\"article\"><!-- Story Icon --><div class=\"ctl-icon\"><i class= \"fa fas fa-check\" aria-hidden =\"true\" ><\/i><\/div> <!-- Story Arrow --><div class=\"ctl-arrow\"><\/div>\r\n\t\t\t<!-- Story Content --><div class=\"ctl-content\"><!-- Story Title --> <div class=\"ctl-title story-10633\" role=\"heading\" aria-level=\"2\"><a target=\"_self\" title=\"22 hetes \u2013 genetikai \u2013 ultrahang vizsg\u00e1lat\" href=\"https:\/\/www.praenatalzentrum.wien\/hu\/szolgaltatasaink\/22-hetes-genetikai-ultrahang-vizsgalat\/\" class=\"story-link\">22 hetes \u2013 genetikai \u2013 ultrahang vizsg\u00e1lat<\/a><\/div><!-- Story Description --><div class=\"ctl-description\"><p><a href=\"https:\/\/www.praenatalzentrum.wien\/hu\/szolgaltatasaink\/22-hetes-genetikai-ultrahang-vizsgalat\/\" target=\"_blank\" rel=\"noopener\"><strong>a 21 &#8211; 24. terhess\u00e9gi h\u00e9ten<\/strong><\/a><\/p>\n<\/div><\/div><\/div><!-- Timeline Content --><div id=\"ctl-story-10632\" class=\"ctl-story ctl-story-icon even ctl-story-left ctl-no-media\" data-story-index=\"6\" role=\"article\"><!-- Story Icon --><div class=\"ctl-icon\"><i class= \"fa fas fa-check\" aria-hidden =\"true\" ><\/i><\/div> <!-- Story Arrow --><div class=\"ctl-arrow\"><\/div>\r\n\t\t\t<!-- Story Content --><div class=\"ctl-content\"><!-- Story Title --> <div class=\"ctl-title story-10632\" role=\"heading\" aria-level=\"2\"><a target=\"_self\" title=\"32 hetes \u2013 well-being ultrahang + Doppler ultrahang vizsg\u00e1lat\" href=\"https:\/\/www.praenatalzentrum.wien\/hu\/szolgaltatasaink\/32-hetes-well-being-ultrahang-doppler-ultrahang-vizsgalat\/\" class=\"story-link\">32 hetes \u2013 well-being ultrahang + Doppler ultrahang vizsg\u00e1lat<\/a><\/div><!-- Story Description --><div class=\"ctl-description\"><p><a href=\"https:\/\/www.praenatalzentrum.wien\/hu\/szolgaltatasaink\/32-hetes-well-being-ultrahang-doppler-ultrahang-vizsgalat\/\" target=\"_blank\" rel=\"noopener\"><strong>a 26. terhess\u00e9gi h\u00e9tt\u0151l \u2013 ide\u00e1lis esetben a 33-36. h\u00e9ten<\/strong><\/a><\/p>\n<\/div><\/div><\/div><!-- Timeline Content --><div id=\"ctl-story-10631\" class=\"ctl-story ctl-story-icon odd ctl-story-right ctl-no-media\" data-story-index=\"7\" role=\"article\"><!-- Story Icon --><div class=\"ctl-icon\"><i class= \"fa fas fa-check\" aria-hidden =\"true\" ><\/i><\/div> <!-- Story Arrow --><div class=\"ctl-arrow\"><\/div>\r\n\t\t\t<!-- Story Content --><div class=\"ctl-content\"><!-- Story Title --> <div class=\"ctl-title story-10631\" role=\"heading\" aria-level=\"2\"><a target=\"_self\" title=\"M\u00e9hlep\u00e9ny vizsg\u00e1lat (chorion boholy biopszia, CVS)\" href=\"https:\/\/www.praenatalzentrum.wien\/hu\/szolgaltatasaink\/mehlepeny-vizsgalat-chorion-boholy-biopszia-cvs\/\" class=\"story-link\">M\u00e9hlep\u00e9ny vizsg\u00e1lat (chorion boholy biopszia, CVS)<\/a><\/div><!-- Story Description --><div class=\"ctl-description\"><p><a href=\"https:\/\/www.praenatalzentrum.wien\/hu\/szolgaltatasaink\/mehlepeny-vizsgalat-chorion-boholy-biopszia-cvs\/\" target=\"_blank\" rel=\"noopener\"><strong>a 12. terhess\u00e9gi h\u00e9tt\u0151l<\/strong><\/a><\/p>\n<\/div><\/div><\/div><!-- Timeline Content --><div id=\"ctl-story-10630\" class=\"ctl-story ctl-story-icon even ctl-story-left ctl-no-media\" data-story-index=\"8\" role=\"article\"><!-- Story Icon --><div class=\"ctl-icon\"><i class= \"fa fas fa-check\" aria-hidden =\"true\" ><\/i><\/div> <!-- Story Arrow --><div class=\"ctl-arrow\"><\/div>\r\n\t\t\t<!-- Story Content --><div class=\"ctl-content\"><!-- Story Title --> <div class=\"ctl-title story-10630\" role=\"heading\" aria-level=\"2\"><a target=\"_self\" title=\"Magzatv\u00edz vizsg\u00e1lat (amniocent\u00e9zis, AC)\" href=\"https:\/\/www.praenatalzentrum.wien\/hu\/szolgaltatasaink\/magzatviz-vizsgalat-amniocentezis-ac\/\" class=\"story-link\">Magzatv\u00edz vizsg\u00e1lat (amniocent\u00e9zis, AC)<\/a><\/div><!-- Story Description --><div class=\"ctl-description\"><p><a href=\"https:\/\/www.praenatalzentrum.wien\/hu\/szolgaltatasaink\/magzatviz-vizsgalat-amniocentezis-ac\/\" target=\"_blank\" rel=\"noopener\"><strong>a 17. terhess\u00e9gi h\u00e9tt\u0151l<\/strong><\/a><\/p>\n<\/div><\/div><\/div><!-- Timeline Content --><div id=\"ctl-story-10628\" class=\"ctl-story ctl-story-icon odd ctl-story-right ctl-no-media\" data-story-index=\"9\" role=\"article\"><!-- Story Icon --><div class=\"ctl-icon\"><i class= \"fa fas fa-check\" aria-hidden =\"true\" ><\/i><\/div> <!-- Story Arrow --><div class=\"ctl-arrow\"><\/div>\r\n\t\t\t<!-- Story Content --><div class=\"ctl-content\"><!-- Story Title --> <div class=\"ctl-title story-10628\" role=\"heading\" aria-level=\"2\"><a target=\"_self\" title=\"3D\/4D ultrahang\" href=\"https:\/\/www.praenatalzentrum.wien\/hu\/szolgaltatasaink\/3d-4d-ultrahang\/\" class=\"story-link\">3D\/4D ultrahang<\/a><\/div><!-- Story Description --><div class=\"ctl-description\"><p><a href=\"https:\/\/www.praenatalzentrum.wien\/hu\/szolgaltatasaink\/3d-4d-ultrahang\/\" target=\"_blank\" rel=\"noopener\"><strong>a 9 &#8211; 14. terhess\u00e9gi h\u00e9ten + a 25. h\u00e9t ut\u00e1n<\/strong><\/a><\/p>\n<\/div><\/div><\/div><!-- Timeline Content --><div id=\"ctl-story-10629\" class=\"ctl-story ctl-story-icon even ctl-story-left ctl-no-media\" data-story-index=\"10\" role=\"article\"><!-- Story Icon --><div class=\"ctl-icon\"><i class= \"fa fas fa-check\" aria-hidden =\"true\" ><\/i><\/div> <!-- Story Arrow --><div class=\"ctl-arrow\"><\/div>\r\n\t\t\t<!-- Story Content --><div class=\"ctl-content\"><!-- Story Title --> <div class=\"ctl-title story-10629\" role=\"heading\" aria-level=\"2\"><a target=\"_self\" title=\"Genetikai tan\u00e1csad\u00e1s\" href=\"https:\/\/www.praenatalzentrum.wien\/hu\/szolgaltatasaink\/genetikai-tanacsadas\/\" class=\"story-link\">Genetikai tan\u00e1csad\u00e1s<\/a><\/div><!-- Story Description --><div class=\"ctl-description\"><p><a href=\"https:\/\/www.praenatalzentrum.wien\/hu\/szolgaltatasaink\/genetikai-tanacsadas\/\" target=\"_blank\" rel=\"noopener\"><strong>R\u00e9szletek<\/strong><\/a><\/p>\n<\/div><\/div><\/div>\t\t\t\t\t<\/div>\r\n\t\t\t\t\t<div class=\"ctl-end\"><\/div>\r\n\t\t\t\t\t\t\t\t\t<\/div>\r\n\t\t\t<\/div>\r\n\t\t\t<\/div><\/div><\/div><\/div><\/div><\/section>\n<\/div><\/div><\/div><\/div><\/div><\/section>\n","protected":false},"excerpt":{"rendered":"R\u00e9szletek","protected":false},"author":1,"featured_media":0,"parent":10479,"menu_order":3,"comment_status":"closed","ping_status":"closed","template":"","meta":{"footnotes":""},"class_list":["post-12983","page","type-page","status-publish","hentry"],"yoast_head":"<!-- This site is optimized with the Yoast SEO plugin v27.5 - https:\/\/yoast.com\/product\/yoast-seo-wordpress\/ -->\n<title>NIPT Extended - Pr\u00e4natalzentrum an der Wien<\/title>\n<meta name=\"robots\" content=\"index, follow, max-snippet:-1, max-image-preview:large, max-video-preview:-1\" \/>\n<link rel=\"canonical\" href=\"https:\/\/www.praenatalzentrum.wien\/hu\/nem-invaziv-prenatalis-teszt-nipt\/nipt-extended\/\" \/>\n<meta property=\"og:locale\" content=\"hu_HU\" \/>\n<meta property=\"og:type\" content=\"article\" \/>\n<meta property=\"og:title\" content=\"NIPT Extended - Pr\u00e4natalzentrum an der Wien\" \/>\n<meta property=\"og:url\" content=\"https:\/\/www.praenatalzentrum.wien\/hu\/nem-invaziv-prenatalis-teszt-nipt\/nipt-extended\/\" \/>\n<meta property=\"og:site_name\" content=\"Pr\u00e4natalzentrum an der Wien\" \/>\n<meta property=\"article:modified_time\" content=\"2023-10-05T12:46:57+00:00\" \/>\n<meta property=\"og:image\" content=\"https:\/\/www.praenatalzentrum.wien\/wp-content\/uploads\/2021\/05\/praenatalzentrum-an-der-wien-slider-maedchen-1.jpg\" \/>\n\t<meta property=\"og:image:width\" content=\"1200\" \/>\n\t<meta property=\"og:image:height\" content=\"620\" \/>\n\t<meta property=\"og:image:type\" content=\"image\/jpeg\" \/>\n<meta name=\"twitter:card\" content=\"summary_large_image\" \/>\n<meta name=\"twitter:label1\" content=\"Becs\u00fclt olvas\u00e1si id\u0151\" \/>\n\t<meta name=\"twitter:data1\" content=\"2 perc\" \/>\n<script type=\"application\/ld+json\" class=\"yoast-schema-graph\">{\"@context\":\"https:\\\/\\\/schema.org\",\"@graph\":[{\"@type\":\"WebPage\",\"@id\":\"https:\\\/\\\/www.praenatalzentrum.wien\\\/hu\\\/nem-invaziv-prenatalis-teszt-nipt\\\/nipt-extended\\\/\",\"url\":\"https:\\\/\\\/www.praenatalzentrum.wien\\\/hu\\\/nem-invaziv-prenatalis-teszt-nipt\\\/nipt-extended\\\/\",\"name\":\"NIPT Extended - Pr\u00e4natalzentrum an der Wien\",\"isPartOf\":{\"@id\":\"https:\\\/\\\/www.praenatalzentrum.wien\\\/hu\\\/#website\"},\"datePublished\":\"2022-09-06T08:04:41+00:00\",\"dateModified\":\"2023-10-05T12:46:57+00:00\",\"breadcrumb\":{\"@id\":\"https:\\\/\\\/www.praenatalzentrum.wien\\\/hu\\\/nem-invaziv-prenatalis-teszt-nipt\\\/nipt-extended\\\/#breadcrumb\"},\"inLanguage\":\"hu\",\"potentialAction\":[{\"@type\":\"ReadAction\",\"target\":[\"https:\\\/\\\/www.praenatalzentrum.wien\\\/hu\\\/nem-invaziv-prenatalis-teszt-nipt\\\/nipt-extended\\\/\"]}]},{\"@type\":\"BreadcrumbList\",\"@id\":\"https:\\\/\\\/www.praenatalzentrum.wien\\\/hu\\\/nem-invaziv-prenatalis-teszt-nipt\\\/nipt-extended\\\/#breadcrumb\",\"itemListElement\":[{\"@type\":\"ListItem\",\"position\":1,\"name\":\"Startseite\",\"item\":\"https:\\\/\\\/www.praenatalzentrum.wien\\\/hu\\\/\"},{\"@type\":\"ListItem\",\"position\":2,\"name\":\"Nem invaz\u00edv prenat\u00e1lis teszt (NIPT)\",\"item\":\"https:\\\/\\\/www.praenatalzentrum.wien\\\/hu\\\/szolgaltatasaink\\\/nem-invaziv-prenatalis-teszt-nipt\\\/\"},{\"@type\":\"ListItem\",\"position\":3,\"name\":\"NIPT Extended\"}]},{\"@type\":\"WebSite\",\"@id\":\"https:\\\/\\\/www.praenatalzentrum.wien\\\/hu\\\/#website\",\"url\":\"https:\\\/\\\/www.praenatalzentrum.wien\\\/hu\\\/\",\"name\":\"Pr\u00e4natalzentrum an der Wien\",\"description\":\"Pr\u00e4nataldiagnostik\",\"publisher\":{\"@id\":\"https:\\\/\\\/www.praenatalzentrum.wien\\\/hu\\\/#organization\"},\"potentialAction\":[{\"@type\":\"SearchAction\",\"target\":{\"@type\":\"EntryPoint\",\"urlTemplate\":\"https:\\\/\\\/www.praenatalzentrum.wien\\\/hu\\\/?s={search_term_string}\"},\"query-input\":{\"@type\":\"PropertyValueSpecification\",\"valueRequired\":true,\"valueName\":\"search_term_string\"}}],\"inLanguage\":\"hu\"},{\"@type\":\"Organization\",\"@id\":\"https:\\\/\\\/www.praenatalzentrum.wien\\\/hu\\\/#organization\",\"name\":\"Pr\u00e4natalzentrum an der Wien\",\"url\":\"https:\\\/\\\/www.praenatalzentrum.wien\\\/hu\\\/\",\"logo\":{\"@type\":\"ImageObject\",\"inLanguage\":\"hu\",\"@id\":\"https:\\\/\\\/www.praenatalzentrum.wien\\\/hu\\\/#\\\/schema\\\/logo\\\/image\\\/\",\"url\":\"https:\\\/\\\/www.praenatalzentrum.wien\\\/wp-content\\\/uploads\\\/2020\\\/11\\\/Praenatalzentrum-Wien_Logo.png\",\"contentUrl\":\"https:\\\/\\\/www.praenatalzentrum.wien\\\/wp-content\\\/uploads\\\/2020\\\/11\\\/Praenatalzentrum-Wien_Logo.png\",\"width\":476,\"height\":100,\"caption\":\"Pr\u00e4natalzentrum an der Wien\"},\"image\":{\"@id\":\"https:\\\/\\\/www.praenatalzentrum.wien\\\/hu\\\/#\\\/schema\\\/logo\\\/image\\\/\"}}]}<\/script>\n<!-- \/ Yoast SEO plugin. -->","yoast_head_json":{"title":"NIPT Extended - Pr\u00e4natalzentrum an der Wien","robots":{"index":"index","follow":"follow","max-snippet":"max-snippet:-1","max-image-preview":"max-image-preview:large","max-video-preview":"max-video-preview:-1"},"canonical":"https:\/\/www.praenatalzentrum.wien\/hu\/nem-invaziv-prenatalis-teszt-nipt\/nipt-extended\/","og_locale":"hu_HU","og_type":"article","og_title":"NIPT Extended - Pr\u00e4natalzentrum an der Wien","og_url":"https:\/\/www.praenatalzentrum.wien\/hu\/nem-invaziv-prenatalis-teszt-nipt\/nipt-extended\/","og_site_name":"Pr\u00e4natalzentrum an der Wien","article_modified_time":"2023-10-05T12:46:57+00:00","og_image":[{"width":1200,"height":620,"url":"https:\/\/www.praenatalzentrum.wien\/wp-content\/uploads\/2021\/05\/praenatalzentrum-an-der-wien-slider-maedchen-1.jpg","type":"image\/jpeg"}],"twitter_card":"summary_large_image","twitter_misc":{"Becs\u00fclt olvas\u00e1si id\u0151":"2 perc"},"schema":{"@context":"https:\/\/schema.org","@graph":[{"@type":"WebPage","@id":"https:\/\/www.praenatalzentrum.wien\/hu\/nem-invaziv-prenatalis-teszt-nipt\/nipt-extended\/","url":"https:\/\/www.praenatalzentrum.wien\/hu\/nem-invaziv-prenatalis-teszt-nipt\/nipt-extended\/","name":"NIPT Extended - Pr\u00e4natalzentrum an der Wien","isPartOf":{"@id":"https:\/\/www.praenatalzentrum.wien\/hu\/#website"},"datePublished":"2022-09-06T08:04:41+00:00","dateModified":"2023-10-05T12:46:57+00:00","breadcrumb":{"@id":"https:\/\/www.praenatalzentrum.wien\/hu\/nem-invaziv-prenatalis-teszt-nipt\/nipt-extended\/#breadcrumb"},"inLanguage":"hu","potentialAction":[{"@type":"ReadAction","target":["https:\/\/www.praenatalzentrum.wien\/hu\/nem-invaziv-prenatalis-teszt-nipt\/nipt-extended\/"]}]},{"@type":"BreadcrumbList","@id":"https:\/\/www.praenatalzentrum.wien\/hu\/nem-invaziv-prenatalis-teszt-nipt\/nipt-extended\/#breadcrumb","itemListElement":[{"@type":"ListItem","position":1,"name":"Startseite","item":"https:\/\/www.praenatalzentrum.wien\/hu\/"},{"@type":"ListItem","position":2,"name":"Nem invaz\u00edv prenat\u00e1lis teszt (NIPT)","item":"https:\/\/www.praenatalzentrum.wien\/hu\/szolgaltatasaink\/nem-invaziv-prenatalis-teszt-nipt\/"},{"@type":"ListItem","position":3,"name":"NIPT Extended"}]},{"@type":"WebSite","@id":"https:\/\/www.praenatalzentrum.wien\/hu\/#website","url":"https:\/\/www.praenatalzentrum.wien\/hu\/","name":"Pr\u00e4natalzentrum an der Wien","description":"Pr\u00e4nataldiagnostik","publisher":{"@id":"https:\/\/www.praenatalzentrum.wien\/hu\/#organization"},"potentialAction":[{"@type":"SearchAction","target":{"@type":"EntryPoint","urlTemplate":"https:\/\/www.praenatalzentrum.wien\/hu\/?s={search_term_string}"},"query-input":{"@type":"PropertyValueSpecification","valueRequired":true,"valueName":"search_term_string"}}],"inLanguage":"hu"},{"@type":"Organization","@id":"https:\/\/www.praenatalzentrum.wien\/hu\/#organization","name":"Pr\u00e4natalzentrum an der Wien","url":"https:\/\/www.praenatalzentrum.wien\/hu\/","logo":{"@type":"ImageObject","inLanguage":"hu","@id":"https:\/\/www.praenatalzentrum.wien\/hu\/#\/schema\/logo\/image\/","url":"https:\/\/www.praenatalzentrum.wien\/wp-content\/uploads\/2020\/11\/Praenatalzentrum-Wien_Logo.png","contentUrl":"https:\/\/www.praenatalzentrum.wien\/wp-content\/uploads\/2020\/11\/Praenatalzentrum-Wien_Logo.png","width":476,"height":100,"caption":"Pr\u00e4natalzentrum an der Wien"},"image":{"@id":"https:\/\/www.praenatalzentrum.wien\/hu\/#\/schema\/logo\/image\/"}}]}},"_links":{"self":[{"href":"https:\/\/www.praenatalzentrum.wien\/hu\/wp-json\/wp\/v2\/pages\/12983","targetHints":{"allow":["GET"]}}],"collection":[{"href":"https:\/\/www.praenatalzentrum.wien\/hu\/wp-json\/wp\/v2\/pages"}],"about":[{"href":"https:\/\/www.praenatalzentrum.wien\/hu\/wp-json\/wp\/v2\/types\/page"}],"author":[{"embeddable":true,"href":"https:\/\/www.praenatalzentrum.wien\/hu\/wp-json\/wp\/v2\/users\/1"}],"replies":[{"embeddable":true,"href":"https:\/\/www.praenatalzentrum.wien\/hu\/wp-json\/wp\/v2\/comments?post=12983"}],"version-history":[{"count":6,"href":"https:\/\/www.praenatalzentrum.wien\/hu\/wp-json\/wp\/v2\/pages\/12983\/revisions"}],"predecessor-version":[{"id":14284,"href":"https:\/\/www.praenatalzentrum.wien\/hu\/wp-json\/wp\/v2\/pages\/12983\/revisions\/14284"}],"up":[{"embeddable":true,"href":"https:\/\/www.praenatalzentrum.wien\/hu\/wp-json\/wp\/v2\/pages\/10479"}],"wp:attachment":[{"href":"https:\/\/www.praenatalzentrum.wien\/hu\/wp-json\/wp\/v2\/media?parent=12983"}],"curies":[{"name":"wp","href":"https:\/\/api.w.org\/{rel}","templated":true}]}}